{"id":6474,"date":"2018-09-07T09:42:03","date_gmt":"2018-09-07T08:42:03","guid":{"rendered":"https:\/\/www.escueladerespiracion.com\/?page_id=6474"},"modified":"2023-10-08T22:01:54","modified_gmt":"2023-10-08T21:01:54","slug":"formacion-de-profesionales-renacedores","status":"publish","type":"page","link":"https:\/\/www.escueladerespiracion.com\/index.php\/formacion-de-profesionales-renacedores\/","title":{"rendered":"Formaci\u00f3n de Profesionales Renacedores"},"content":{"rendered":"<p>[vc_row][vc_column][vc_column_text]<\/p>\n<p style=\"text-align: center;\"><span style=\"color: #000080;\"><strong><img loading=\"lazy\" class=\"aligncenter size-large wp-image-7659\" src=\"https:\/\/www.escueladerespiracion.com\/wp-content\/uploads\/2023\/10\/Folleto-corto-sin-fecha-de-inicio-1024x678.jpg\" alt=\"\" width=\"1024\" height=\"678\" srcset=\"https:\/\/www.escueladerespiracion.com\/wp-content\/uploads\/2023\/10\/Folleto-corto-sin-fecha-de-inicio-1024x678.jpg 1024w, https:\/\/www.escueladerespiracion.com\/wp-content\/uploads\/2023\/10\/Folleto-corto-sin-fecha-de-inicio-300x199.jpg 300w, https:\/\/www.escueladerespiracion.com\/wp-content\/uploads\/2023\/10\/Folleto-corto-sin-fecha-de-inicio-768x508.jpg 768w, https:\/\/www.escueladerespiracion.com\/wp-content\/uploads\/2023\/10\/Folleto-corto-sin-fecha-de-inicio-1536x1017.jpg 1536w, https:\/\/www.escueladerespiracion.com\/wp-content\/uploads\/2023\/10\/Folleto-corto-sin-fecha-de-inicio-2048x1356.jpg 2048w\" sizes=\"(max-width: 1024px) 100vw, 1024px\" \/><br \/>\n\u00a1La matr\u00edcula ya est\u00e1 abierta!<\/strong><\/span><\/p>\n<p style=\"text-align: center;\"><span style=\"color: #333399;\">\u00a1Aprovecha el precio de inscripci\u00f3n temprana hasta el 10 de octubre!<\/span><\/p>\n<p style=\"text-align: center;\"><span style=\"color: #333399;\">\u00a1Preg\u00fantanos por las formas de pago aplazadas!<\/span><\/p>\n<p style=\"text-align: center;\"><span style=\"font-size: 18px;\"><strong><span style=\"color: #ff0000;\">\u00a1Empezaremos en NOVIEMBRE de 2023!<\/span><\/strong><\/span><\/p>\n<hr \/>\n<p><strong>PRESENTACI\u00d3N Y OBJETIVOS<\/strong><\/p>\n<p>La Escuela Canaria de Respiraci\u00f3n, en su compromiso por expandir la importancia de la respiraci\u00f3n y de la consciencia y gesti\u00f3n del propio pensamiento y de las emociones para aumentar el Bienestar del ser humano, tiene el placer de anunciar su pr\u00f3ximo Curso de Formaci\u00f3n para renacedores.<\/p>\n<p>El presente curso tiene como <strong>objetivo fundamental<\/strong> iniciar a los participantes en las competencias que debe dominar cualquier <em>renacedor <\/em>profesional, para acompa\u00f1ar a las personas <strong>en sus procesos individuales<\/strong> con el renacimiento, tanto con la respiraci\u00f3n consciente, como con las t\u00e9cnicas de reprogramaci\u00f3n mental de \u00faltima generaci\u00f3n.<\/p>\n<p>Para conseguir esto, se ofrecen los conocimientos te\u00f3ricos y pr\u00e1cticos suficientes, para que los participantes puedan ejercer como profesionales renacedores. La Formaci\u00f3n tambi\u00e9n est\u00e1 dise\u00f1ada para profundizar en el propio proceso de desarrollo personal, vivenciando en primera persona un ciclo de <em>renacimiento <\/em>de diez sesiones como <em>renacido y otro como renacedor<\/em>.<\/p>\n<p>Esta Formaci\u00f3n sigue las recomendaciones de I.B.F. (International Breathwork Foundation) y cuenta con la participaci\u00f3n de un profesorado comprometido y competente.<\/p>\n<hr \/>\n<p><strong>REQUISITOS<\/strong><\/p>\n<ul>\n<li>Entrevista\u00a0 previa personal con la directora de la formaci\u00f3n.<\/li>\n<\/ul>\n<div align=\"center\">\n<hr \/>\n<\/div>\n<div align=\"center\">\n<p style=\"text-align: left;\"><strong>DIRIGIDO A<\/strong><\/p>\n<p style=\"text-align: left;\">Personas que deseen hacer un trabajo personal de desarrollo humano \u00b7 Personas que quieran formarse profesionalmente como renacedores \u00b7 Renacedores o profesionales de la respiraci\u00f3n que deseen reciclarse \u00b7 Educadores \u00b7 Maestros \u00b7 Docentes \u00b7 Psic\u00f3logos\u00a0 \u00b7 Pedagogos \u00b7 Profesionales de la salud \u00b7 Terapeutas \u00b7 Matronas \u00b7 Doulas \u00b7 Empresarios \u00b7 Padres y madres \u00b7 Cualquier persona comprometida con su desarrollo personal y que desea tener un m\u00e9todo para ayudarse a s\u00ed misma o a los dem\u00e1s<\/p>\n<\/div>\n<div style=\"text-align: left;\" align=\"center\">\n<hr \/>\n<p><b>DETALLES DEL CURSO<\/b><\/p>\n<\/div>\n<p>Se desarrollar\u00e1 en <strong>DOS CICLOS<\/strong>.<\/p>\n<ul>\n<li>El <strong>PRIMER Ciclo<\/strong> tiene una duraci\u00f3n UN a\u00f1o, con un total de 10 M\u00f3dulos mensuales de fin de semana, entre noviembre de 2023 y octubre de 2024 de los cuales dos ser\u00e1n residenciales.<\/li>\n<li>El <strong>SEGUNDO Ciclo<\/strong> se realizar\u00e1 como m\u00e1ximo entre noviembre de 2024 y septiembre de 2025. En este per\u00edodo el aspirante a renacedor, renacedor en pr\u00e1cticas, realizar\u00e1 exclusivamente sus pr\u00e1cticas obligatorias.<\/li>\n<\/ul>\n<p>El curso incluye, adem\u00e1s, el material did\u00e1ctico, las clases te\u00f3ricas y las pr\u00e1cticas, con actividades obligatorias y optativas, din\u00e1micas de grupo, apoyo personalizado a trav\u00e9s del tutor que le corresponda y el alojamiento y las comidas de los dos fines de semana residenciales.<\/p>\n<hr \/>\n<p><b>PROGRAMA DEL PRIMER CICLO (2023-2024)<\/b><\/p>\n<ul>\n<li><strong>Noviembre:<\/strong> LAS BASES DEL RENACIMIENTO. RESPIRACI\u00d3N CONSCIENTE Y LA GESTI\u00d3N DEL PENSAMIENTO Y DE LAS EMOCIONES<\/li>\n<li><strong>Diciembre:<\/strong> CONCEPCI\u00d3N, VIDA INTRAUTERINA Y SU DESARROLLO Y APLICACI\u00d3N EN LAS SESIONES<\/li>\n<li><strong>Enero:<\/strong> LA INFANCIA. RECUPERACI\u00d3N DE LA INOCENCIA, ALEGR\u00cdA Y ESPONTANEIDAD<\/li>\n<li><strong>Febrero:<\/strong> LA ADOLESCENCIA. IDENTIDAD, VITALIDAD Y DIRECCI\u00d3N EN LA VIDA. POTENCIANDO EL IMPULSO DE VIDA<\/li>\n<li><strong>Marzo:<\/strong> LA SEXUALIDAD COMO ENERG\u00cdA CREADORA. INTEGRACI\u00d3N DE LO MASCULINO Y DE LO FEMENINO<\/li>\n<li><strong>Abril:<\/strong> EL ADULTO SANO. AUTOESTIMA Y RELACIONES PERSONALES<\/li>\n<li><strong>Mayo:<\/strong> EL RENACIMIENTO COMO PROFESI\u00d3N. ASPECTOS ORGANIZATIVOS Y EMPRESARIALES DEL RENACEDOR<\/li>\n<li><strong>Junio:<\/strong> PROTOCOLO Y PR\u00c1CTICA DE LA RESPIRACI\u00d3N EN AGUA FR\u00cdA Y CALIENTE. (residencial de 3 d\u00edas)<\/li>\n<li><strong>Julio:<\/strong> CONSCIENCIA DE PROSPERIDAD. DINERO, TIEMPO<\/li>\n<li><strong>Septiembre: <\/strong>LIDERAZGO PERSONAL<\/li>\n<li><strong>Octubre:<\/strong> MAESTR\u00cdA DEL CUERPO (campamento de fin de semana) y COMPLETACI\u00d3N DE LA PRIMERA PARTE<\/li>\n<\/ul>\n<p>Los viernes de cada encuentro del PRIMER CICLO, exceptuando el primero, se han reservado como un espacio vivencial pr\u00e1ctico para la integraci\u00f3n del proceso personal, y tambi\u00e9n para hacer un seguimiento de los conocimientos profesionales desarrollados en el m\u00f3dulo anterior, y para su ampliaci\u00f3n, si as\u00ed fuese requerido. Los tutores estar\u00e1n a la disposici\u00f3n de sus alumnos correspondientes para consultas, dudas, preguntas, an\u00e1lisis de casos pr\u00e1cticos, comentarios sobre experiencias concretas,&#8230;<\/p>\n<p>Cada fin de semana (exceptuando el primero y el \u00faltimo) habr\u00e1 una sesi\u00f3n de intercambio con compa\u00f1eros del curso y habr\u00e1 tambi\u00e9n una o dos sesiones de respiraci\u00f3n grupales.<\/p>\n<hr \/>\n<p><b>PR\u00c1CTICAS y SEGUNDO CICLO (2024 &#8211; 2025)<br \/>\n<\/b><\/p>\n<p>Se establecen como <strong>PR\u00c1CTICAS OBLIGATORIAS de la Formaci\u00f3n:<\/strong><\/p>\n<ul>\n<li>Las sesiones de intercambio entre los alumnos, que se realizar\u00e1n en lugar y fechas que los alumnos fijar\u00e1n a su conveniencia.<\/li>\n<li>Las SEIS primeras sesiones en pr\u00e1cticas del alumno con personas ajenas al curso.<\/li>\n<li>La participaci\u00f3n como <em>asistente en pr\u00e1cticas<\/em> a, como m\u00ednimo, TRES seminarios de la Escuela.<\/li>\n<\/ul>\n<p>Todas estas pr\u00e1cticas hacen parte del <strong>SEGUNDO CICLO<\/strong> del Curso de Formaci\u00f3n y podr\u00e1n realizarse al ritmo de cada alumno y, como m\u00e1ximo, tendr\u00e1n que haberse completado totalmente en septiembre de 2025. En caso de no haberlas terminado ese mes, NO se le entregar\u00e1 al alumno el diploma y vendr\u00e1 obligado a repetir el Curso de Formaci\u00f3n en la siguiente promoci\u00f3n para poder diplomarse (si as\u00ed lo deseara).<\/p>\n<p>En esta segunda parte de la Formaci\u00f3n habr\u00e1 encuentros bimensuales en noviembre de 2024 y enero, marzo, mayo, julio y septiembre de 2025 y ser\u00e1n un viernes entre 5 y 8 de la tarde. En septiembre se finalizar\u00e1 en Curso con la entrega de diplomas.<\/p>\n<div align=\"center\">\n<hr align=\"center\" size=\"2\" width=\"100%\" \/>\n<\/div>\n<p><strong>TRABAJOS A REALIZAR DURANTE LA FORMACI\u00d3N<\/strong><\/p>\n<p>A lo largo del programa se ir\u00e1n proponiendo diferentes trabajos a los alumnos\/as, cuya finalidad es complementar y profundizar en los diferentes temas de desarrollo personal y profesional.<\/p>\n<p>Estos trabajos incluyen lecturas y res\u00famenes, reflexiones sobre los contenidos de los encuentros, trabajos espec\u00edficos sobre aspectos personales, existenciales, sociales, profesionales, etc.<\/p>\n<p>Ser\u00e1n tenidos en cuenta para la evaluaci\u00f3n del alumno y para la obtenci\u00f3n del diploma de renacedor emitido por la Escuela Canaria de Respiraci\u00f3n.<\/p>\n<div align=\"center\">\n<hr align=\"center\" size=\"2\" width=\"100%\" \/>\n<\/div>\n<p><strong>TUTOR\u00cdAS<\/strong><\/p>\n<p>Cada alumno tendr\u00e1 asignado un tutor, con quien podr\u00e1 ponerse en contacto para recibir apoyo en su proceso personal o para recibir orientaci\u00f3n sobre los trabajos a desarrollar. El tutor, adem\u00e1s, le har\u00e1 un seguimiento de sus pr\u00e1cticas y supervisar\u00e1, por lo menos, sus seis primeras sesiones con los clientes.<\/p>\n<div align=\"center\">\n<hr align=\"center\" size=\"2\" width=\"100%\" \/>\n<\/div>\n<p><strong>ACTIVIDADES COMPLEMENTARIAS (opcionales).<\/strong><\/p>\n<p>La Escuela Canaria de Respiraci\u00f3n informar\u00e1 a sus alumnos\/as de las actividades que se realicen durante la Formaci\u00f3n sobre Renacimiento u otros temas que sean de inter\u00e9s (conferencias, seminarios, talleres, cursos,&#8230;).<\/p>\n<hr \/>\n<p><b>EQUIPO\u00a0 DOCENTE<\/b><\/p>\n<p style=\"text-align: justify;\"><b><img loading=\"lazy\" class=\"aligncenter size-full wp-image-7660\" src=\"https:\/\/www.escueladerespiracion.com\/wp-content\/uploads\/2023\/10\/Profesores-Formacion-con-Conchi-y-Montse-copia.jpg\" alt=\"\" width=\"538\" height=\"85\" srcset=\"https:\/\/www.escueladerespiracion.com\/wp-content\/uploads\/2023\/10\/Profesores-Formacion-con-Conchi-y-Montse-copia.jpg 538w, https:\/\/www.escueladerespiracion.com\/wp-content\/uploads\/2023\/10\/Profesores-Formacion-con-Conchi-y-Montse-copia-300x47.jpg 300w\" sizes=\"(max-width: 538px) 100vw, 538px\" \/>Natividad Jim\u00e9nez<\/b>. Licenciada en Matem\u00e1ticas y con m\u00e1s de 20 a\u00f1os de experiencia docente. Ha ense\u00f1ado el Renacimiento a miles de personas. Cocreadora de la revista <i>Respiraci\u00f3n<\/i>. Formadora de renacedores, y facilitadora certificada del P.I.A. (Proyecto Internacional de Autoestima), creado por Bob Mandel. Autora del libro \u201cRESPIRA\u201d, editado y publicado por la Editorial ObStare. Es miembro del Colectivo de Renacedores de Canarias y de I.B.F. (International Brathwork Foundation) y directora de la Escuela Canaria de Respiraci\u00f3n.<br \/>\n<b>Jos\u00e9 Alberto Gonz\u00e1lez Fajardo<\/b><b>.<\/b> Licenciado en Medicina y Cirug\u00eda\u00a0General.\u00a0Especialista en Medicina Familiar y Comunitaria. Master Universitario en Homeopat\u00eda. Renacedor por la Escuela Canaria de Respiraci\u00f3n.\u00a0 Ejerce\u00a0 en el Servicio\u00a0Canario de Salud en el\u00a0\u00e1rea de la Pediatr\u00eda.<br \/>\n<strong>Mayerling Perluzzo<\/strong>. Licenciada en Educaci\u00f3n Matem\u00e1tica. Renacedora titulada de \u201cLa Estrella del Sur\u201d (Venezuela) y en la \u201cEscuela Canaria de Respiraci\u00f3n\u201d. Actualmente trabaja como renacedora en sesiones individuales, empresaria y monitora de varios cursos y programas dentro de la Escuela Canaria de Respiraci\u00f3n.<br \/>\n<b>Agust\u00edn Hern\u00e1ndez \u00c9vora. <\/b>Es licenciado en Filolog\u00eda Inglesa y ha trabajo en la ense\u00f1anza p\u00fablica durante casi treinta a\u00f1os. En\u00a02003 se\u00a0diplom\u00f3 como renacedor\u00a0en la primera promoci\u00f3n de la Escuela Canaria de Respiraci\u00f3n, con la que ha seguido colaborando desde entonces. Es, adem\u00e1s, facilitador certificado del P.I.A (Proyecto Internacional de Autoestima), creado por Bob Mandel, miembro del Colectivo de Renacedores de Canarias y de IBF (International Breathwork Foundation).<br \/>\n<b>Roma Spring<\/b>. Matrona y enfermera pionera en nacimientos en el agua, renacedora. Lider de grupos y profesional supervisora de grupos en H.D.R.P. (Human-Dolphin-Research-Project).<br \/>\n<b>Montse Ru\u00edz.<\/b> Ha cursado estudios de Arte y Dise\u00f1o en Barcelona, Madrid y Las Palmas de Gran Canaria. Renacedora titulada en ADM, Madrid, y en la Escuela Canaria de Respiraci\u00f3n. Profesora de danza integradora, incluye en su trabajo terapia energ\u00e9tica. Actualmente ejerce profesionalmente como Creativa Gr\u00e1fica especializada en proyectos editoriales y como Renacedora, impartiendo sesiones individuales y de grupo y organizando, creando e impartiendo talleres potenciadores de bienestar, creatividad y conciencia.<br \/>\n<strong>Concepci\u00f3n Molina<\/strong>. Trabajadora social. Renacedora.<\/p>\n<div align=\"center\">\n<hr align=\"center\" size=\"2\" width=\"100%\" \/>\n<\/div>\n<p><strong>LUGAR Y HORARIOS DE LOS ENCUENTROS<\/strong><\/p>\n<p>Los encuentros no residenciales se desarrollaran en <em>ZENTRO<\/em>, situado en Santa Cruz de Tenerife, en la calle San Juan Bautista, n\u00ba 58 Izq.<\/p>\n<p>Muchos de estos encuentros dar\u00e1n comienzo los viernes y finalizar\u00e1n los domingos respectivos. Los horarios previstos son los siguientes:<\/p>\n<ul>\n<li style=\"padding-left: 30px;\">Viernes: de 17:00 a 21:00 horas<\/li>\n<li style=\"padding-left: 30px;\">S\u00e1bado: de 10:00 a 14:00 y de 15:30 a 19:30<\/li>\n<li style=\"padding-left: 30px;\">Domingo: de 10:00 a 14:00 horas<\/li>\n<\/ul>\n<p>Para los encuentros residenciales se anunciar\u00e1 el lugar y los horarios con antelaci\u00f3n.<\/p>\n<p>En el primer encuentro empezaremos el s\u00e1bado (no el viernes).<\/p>\n<div align=\"center\">\n<hr align=\"center\" size=\"2\" width=\"100%\" \/>\n<\/div>\n<p><strong>DIPLOMA<\/strong><\/p>\n<p style=\"text-align: justify;\">Se extender\u00e1 un <span style=\"color: #3366ff;\">certificado de asistencia<\/span> a quienes hayan participado en m\u00e1s del 85% del total de la formaci\u00f3n y un <span style=\"color: #3366ff;\">diploma<\/span> emitido por la <span style=\"color: #3366ff;\"><strong>Escuela Canaria de Respiraci\u00f3n<\/strong><\/span>, a quienes superen la evaluaci\u00f3n del curso con todos los trabajos y actividades pr\u00e1cticas obligatorias.<\/p>\n<p style=\"text-align: justify;\">Adem\u00e1s, los alumnos diplomados por la Escuela, podr\u00e1n acceder a la titulaci\u00f3n oficial en <strong>Renacimiento<\/strong> ofertada por la Universidad Mar\u00eda Cristina de El Escorial.<\/p>\n<p><img loading=\"lazy\" class=\"aligncenter size-large wp-image-6469\" src=\"https:\/\/www.escueladerespiracion.com\/wp-content\/uploads\/2017\/03\/TituloUniversidad-Escorial_Natividad-WEB.jpg\" alt=\"\" width=\"662\" height=\"468\" srcset=\"https:\/\/www.escueladerespiracion.com\/wp-content\/uploads\/2017\/03\/TituloUniversidad-Escorial_Natividad-WEB.jpg 662w, https:\/\/www.escueladerespiracion.com\/wp-content\/uploads\/2017\/03\/TituloUniversidad-Escorial_Natividad-WEB-300x212.jpg 300w\" sizes=\"(max-width: 662px) 100vw, 662px\" \/><\/p>\n<hr \/>\n<p style=\"text-align: center;\">\u00a0<span style=\"text-decoration: underline;\"><strong>INFORMACI\u00d3N E INSCRIPCI\u00d3N<\/strong><\/span><\/p>\n<p style=\"text-align: center;\"><strong class=\"azul_normal\"><img loading=\"lazy\" class=\"wp-image-272 aligncenter\" src=\"http:\/\/www.escueladerespiracion.com\/wp-content\/uploads\/LOGO_Escuela-300x145.jpg\" alt=\"LOGO_Escuela\" width=\"210\" height=\"102\" srcset=\"https:\/\/www.escueladerespiracion.com\/wp-content\/uploads\/LOGO_Escuela-300x145.jpg 300w, https:\/\/www.escueladerespiracion.com\/wp-content\/uploads\/LOGO_Escuela.jpg 709w\" sizes=\"(max-width: 210px) 100vw, 210px\" \/>Escuela Canaria de respiraci\u00f3n<br \/>\n<\/strong><strong>Directora<\/strong>: Natividad Jim\u00e9nez<br \/>\n<strong>Tel\u00e9fono de contacto<\/strong>: 636 10 57 70<br \/>\n<strong>e-mail<\/strong>: <a href=\"mailto:escueladerespiracion@gmail.com\">escueladerespiracion@gmail.com<\/a><\/p>\n<p>[\/vc_column_text][vc_empty_space][vc_row_inner][vc_column_inner][vc_custom_heading text=&#8221;Curso de Formaci\u00f3n 2015-2017&#8243; font_container=&#8221;tag:h2|text_align:center&#8221; use_theme_fonts=&#8221;yes&#8221;][vc_empty_space height=&#8221;15px&#8221;][vc_images_carousel images=&#8221;1559,1558,1557,1556,1555,1554,1553,1552,1551,1550,1549,1548,971,963,960,972,959,979,1031&#8243; img_size=&#8221;large&#8221; speed=&#8221;2000&#8243; slides_per_view=&#8221;2&#8243; autoplay=&#8221;yes&#8221; partial_view=&#8221;yes&#8221; wrap=&#8221;yes&#8221;][vc_empty_space][vc_custom_heading text=&#8221;Curso de Formaci\u00f3n 2010-2012&#8243; font_container=&#8221;tag:h2|text_align:center&#8221; use_theme_fonts=&#8221;yes&#8221;][vc_empty_space][vc_images_carousel images=&#8221;724,725,726,728,727&#8243; img_size=&#8221;large&#8221; speed=&#8221;2000&#8243; slides_per_view=&#8221;2&#8243; autoplay=&#8221;yes&#8221; partial_view=&#8221;yes&#8221; wrap=&#8221;yes&#8221;][\/vc_column_inner][\/vc_row_inner][\/vc_column][\/vc_row]<\/p>\n","protected":false},"excerpt":{"rendered":"<p>[vc_row][vc_column][vc_column_text] \u00a1La matr\u00edcula ya est\u00e1 abierta! \u00a1Aprovecha el precio de inscripci\u00f3n temprana hasta el 10 de octubre! \u00a1Preg\u00fantanos por las formas de pago aplazadas! \u00a1Empezaremos en NOVIEMBRE de 2023! PRESENTACI\u00d3N Y OBJETIVOS La Escuela Canaria de Respiraci\u00f3n, en su compromiso por expandir la importancia de la respiraci\u00f3n y de la consciencia y gesti\u00f3n del propio&#8230;<\/p>\n","protected":false},"author":1,"featured_media":6466,"parent":0,"menu_order":0,"comment_status":"closed","ping_status":"closed","template":"","meta":[],"acf":[],"_links":{"self":[{"href":"https:\/\/www.escueladerespiracion.com\/index.php\/wp-json\/wp\/v2\/pages\/6474"}],"collection":[{"href":"https:\/\/www.escueladerespiracion.com\/index.php\/wp-json\/wp\/v2\/pages"}],"about":[{"href":"https:\/\/www.escueladerespiracion.com\/index.php\/wp-json\/wp\/v2\/types\/page"}],"author":[{"embeddable":true,"href":"https:\/\/www.escueladerespiracion.com\/index.php\/wp-json\/wp\/v2\/users\/1"}],"replies":[{"embeddable":true,"href":"https:\/\/www.escueladerespiracion.com\/index.php\/wp-json\/wp\/v2\/comments?post=6474"}],"version-history":[{"count":17,"href":"https:\/\/www.escueladerespiracion.com\/index.php\/wp-json\/wp\/v2\/pages\/6474\/revisions"}],"predecessor-version":[{"id":7662,"href":"https:\/\/www.escueladerespiracion.com\/index.php\/wp-json\/wp\/v2\/pages\/6474\/revisions\/7662"}],"wp:featuredmedia":[{"embeddable":true,"href":"https:\/\/www.escueladerespiracion.com\/index.php\/wp-json\/wp\/v2\/media\/6466"}],"wp:attachment":[{"href":"https:\/\/www.escueladerespiracion.com\/index.php\/wp-json\/wp\/v2\/media?parent=6474"}],"curies":[{"name":"wp","href":"https:\/\/api.w.org\/{rel}","templated":true}]}}