{"id":6009,"date":"2018-07-04T13:24:36","date_gmt":"2018-07-04T12:24:36","guid":{"rendered":"http:\/\/www.escueladerespiracion.com\/?page_id=6009"},"modified":"2018-07-20T13:33:32","modified_gmt":"2018-07-20T12:33:32","slug":"revista-respiracion","status":"publish","type":"page","link":"https:\/\/www.escueladerespiracion.com\/index.php\/revista-respiracion\/","title":{"rendered":"Revista Respiraci\u00f3n"},"content":{"rendered":"<div align=\"justify\">\n<p><span style=\"color: #333333; font-family: 'Times New Roman', Times, serif; font-size: medium;\">La revista Respiraci\u00f3n naci\u00f3 en los a\u00f1os 90, en Espa\u00f1a, como un elemento de comunicaci\u00f3n e intercambio entre los profesionales de diferentes t\u00e9cnicas de respiraci\u00f3n. Su creadora y editora fue\u00a0<strong>Karin Drexler.\u00a0<\/strong>Agradecemos a Armando Aguilar, a Inmaculada Mart\u00ednez, a Jacinto Alegre y a Fanny van Laere como miembros del CAR Madrid e impulsores de este proyecto en los comienzos.<\/span><\/p>\n<p><span style=\"color: #333333;\"><span style=\"font-family: 'Times New Roman', Times, serif; font-size: medium;\">Pasado un tiempo dej\u00f3 de editarse hasta que, en el a\u00f1o 1999, comenz\u00f3 a reeditarse en un nuevo formato, uni\u00e9ndose a su producci\u00f3n\u00a0<\/span><strong style=\"font-family: 'Times New Roman', Times, serif; font-size: medium;\">Natividad Jim\u00e9nez<\/strong><span style=\"font-family: 'Times New Roman', Times, serif; font-size: medium;\">, como directora comercial.<\/span><\/span><\/p>\n<p><span style=\"color: #333333;\"><span style=\"font-family: 'Times New Roman', Times, serif; font-size: medium;\">A principios del a\u00f1o 2001, Respiraci\u00f3n tiene un nuevo impulso al incorporarse\u00a0<\/span><strong style=\"font-family: 'Times New Roman', Times, serif; font-size: medium;\">Luc\u00eda Cord\u00f3n<\/strong><span style=\"font-family: 'Times New Roman', Times, serif; font-size: medium;\">\u00a0al grupo de producci\u00f3n, como dise\u00f1adora gr\u00e1fica. En esta etapa la revista Respiraci\u00f3n tuvo proyecci\u00f3n internacional y se mejor\u00f3 la edici\u00f3n tanto en su contenido como en su dise\u00f1o.<\/span><\/span><\/p>\n<\/div>\n<div align=\"justify\">\n<div align=\"center\">\n<div align=\"center\">\n<div align=\"center\">\n<div align=\"center\">\n<p align=\"center\"><span style=\"color: #333333; font-family: 'Times New Roman', Times, serif; font-size: small;\"><img loading=\"lazy\" src=\"http:\/\/www.escueladerespiracion.com\/Revista%20Respiracion\/KarinLuciayYoWEB.jpg\" width=\"227\" height=\"192\" \/><\/span><\/p>\n<p style=\"text-align: left;\" align=\"center\"><span style=\"color: #333333; font-family: 'Times New Roman', Times, serif; font-size: medium;\">Fue realmente un placer para nosotras haber servido de v\u00ednculo y de canal para transmitir todo este material que sigue estando vigente en la actualidad, por lo que te lo recomendamos de todo coraz\u00f3n. En cada revista hay diferentes art\u00edculos, centrados principalmente en el tema en cuesti\u00f3n de ese n\u00famero. Muchos de estos art\u00edculos proceden de entrevistas que nosotras mismas hac\u00edamos a profesionales no s\u00f3lo de habla hispana, sino de diversas procedencias y que luego traduc\u00edamos. Otros eran aportaciones que nos llegaban de diferentes colaboradores a lo largo del Planeta. Agradecimos entonces, y ahora reiteramos nuevamente estos agradecimientos:<\/span><\/p>\n<div align=\"justify\">\n<ul>\n<li><span style=\"color: #333333; font-family: 'Times New Roman', Times, serif; font-size: medium;\">A la Revista &#8220;Breath&#8221; (de habla inglesa) y a su editor y director, Robert Moore, por su generosidad al compartir con nosotras material que \u00e9l ten\u00eda.<\/span><\/li>\n<li><span style=\"color: #333333; font-family: 'Times New Roman', Times, serif; font-size: medium;\">Viola Edwards y Mart\u00edn Aguilar y Victoria Claramut, por su labor de distribuci\u00f3n.<\/span><\/li>\n<li><span style=\"color: #333333; font-family: 'Times New Roman', Times, serif; font-size: medium;\">Evamar\u00eda Molina, por su presencia casi constante, su apoyo en la creaci\u00f3n de una secci\u00f3n de salud y belleza y en la distribuci\u00f3n de respiraci\u00f3n.<\/span><\/li>\n<li><span style=\"color: #333333; font-family: 'Times New Roman', Times, serif; font-size: medium;\">Manuel Rodr\u00edguez Alejandre, quien tambi\u00e9n nos acompa\u00f1\u00f3 durante todo el tiempo y cre\u00f3 y sostuvo la secci\u00f3n: Nueva Consciencia.<\/span><\/li>\n<li><span style=\"color: #333333; font-family: 'Times New Roman', Times, serif; font-size: medium;\">Carmen Ju\u00e1rez estuvo a nuestro lado, apoy\u00e1ndonos y produciendo la secci\u00f3n: La p\u00e1gina del perd\u00f3n.<\/span><\/li>\n<li><span style=\"color: #333333; font-family: 'Times New Roman', Times, serif; font-size: medium;\">Jorge Jord\u00e1n, Mari Paz Ar\u00e9s, Virginia Poggi, Susana Olalla,&#8230; Y todos los que con sus escritos enriquecieron nuestra revista y cuyos nombres est\u00e1n junto a los t\u00edtulos de sus escritos en cada revista.<\/span><\/li>\n<\/ul>\n<p align=\"center\">\n<\/div>\n<div align=\"justify\"><span style=\"color: #333333; font-family: 'Times New Roman', Times, serif; font-size: medium;\">Fruto de estos a\u00f1os y hasta marzo de 2004, en que la revista ha dejado de editarse, tenemos los 18 ejemplares que te mostramos a continuaci\u00f3n y que podr\u00e1s adquirir al precio de 3,50 euros, poni\u00e9ndote en contacto con\u00a0<a style=\"color: #333333;\" href=\"http:\/\/www.escueladerespiracion.com\/contacto\/\">Natividad Jim\u00e9nez<\/a>.<\/span><\/div>\n<div align=\"center\">\n<div align=\"center\">\n<div align=\"center\">\n<div align=\"center\">\n<p align=\"center\"><span style=\"color: #333333; font-family: 'Times New Roman', Times, serif; font-size: medium;\">MUCHAS GRACIAS A TODOS<\/span><\/p>\n<\/div>\n<\/div>\n<div align=\"center\">\n<div align=\"center\">\n<div align=\"center\">\n<div align=\"center\">\n<p align=\"center\">\n<\/div>\n<\/div>\n<\/div>\n<\/div>\n<div align=\"center\">\n<div align=\"center\">\n<div align=\"center\">\n<div align=\"center\">\n<table border=\"0\" width=\"90%\">\n<tbody>\n<tr>\n<td width=\"23%\"><span style=\"font-family: Times New Roman, Times, serif;\"><img loading=\"lazy\" src=\"http:\/\/www.escueladerespiracion.com\/Revista%20Respiracion\/Revista1.jpg\" width=\"130\" height=\"185\" \/><\/span><\/td>\n<td width=\"77%\">\n<p align=\"center\"><span style=\"font-family: Times New Roman, Times, serif;\"><u><span style=\"font-size: medium;\"><strong>Revista n\u00ba 1:<\/strong><\/span><\/u><span style=\"font-size: medium;\"><strong>\u00a0\u00a0Holotr\u00f3pica<\/strong><\/span><\/span><\/p>\n<p><span style=\"font-family: Times New Roman, Times, serif; font-size: small;\">&#8211;\u00a0LA EXPERIENCIA DINAMICA DE LA TETANIA. Alexander Muir<br \/>\n&#8211; VIPASANA Y RESPIRACION. Wilfried Ehrmann.<br \/>\n&#8211;\u00a0\u00bfQUE ES EL PENSAMIENTO CREATIVO?. Jorge Jord\u00e1n.<br \/>\n&#8211; ENTREVISTA A GUNNEL MINETT, por Karin Drexler.<br \/>\n&#8211; REEXPERIMENTANDO LAS IMPRESIONES PRE Y PERINATALES EN ESTADOS DE CONCIENCIA NO ORDINARIOS. Mark Seelig.<\/span><\/td>\n<\/tr>\n<tr>\n<td><span style=\"font-family: Times New Roman, Times, serif;\"><img loading=\"lazy\" src=\"http:\/\/www.escueladerespiracion.com\/Revista%20Respiracion\/Revista2.jpg\" width=\"130\" height=\"183\" \/><\/span><\/td>\n<td>\n<p align=\"center\"><span style=\"font-family: Times New Roman, Times, serif; font-size: medium;\"><u><strong>Revista n\u00ba 2:<\/strong><\/u><\/span><span style=\"font-family: Times New Roman, Times, serif;\"><span style=\"font-size: medium;\"><strong>\u00a0\u00a0Trabajo con la Respiraci\u00f3n<\/strong><\/span><\/span><\/p>\n<p><span style=\"font-family: Times New Roman, Times, serif; font-size: small;\">&#8211; EL ALIENTO DE LA VIDA. Pilar Casaseca.<br \/>\n&#8211; ALCANCE DEL TRABAJO CON LA RESPIRACI\u00d3N EN EL MILENIO. Bob Mandel, Leonard Orr,&#8230;<br \/>\n&#8211; REEXPERIMENTANDO LAS IMPRESIONES PRE Y PERINATALES EN ESTADOS DE CONCIENCIA NO ORDINARIOS. Parte II. Mark Seelig.<br \/>\n&#8211; ESPACIO DE PENSAMIENTO CREATIVO. Manuel Rodr\u00eduez Alejandre y Pastora Vera.<br \/>\n<\/span><\/td>\n<\/tr>\n<tr>\n<td><span style=\"font-family: Times New Roman, Times, serif;\"><img loading=\"lazy\" src=\"http:\/\/www.escueladerespiracion.com\/Revista%20Respiracion\/Revista3.jpg\" width=\"130\" height=\"183\" \/><\/span><\/td>\n<td>\n<p align=\"center\"><span style=\"font-family: Times New Roman, Times, serif; font-size: medium;\"><u><strong>Revista n\u00ba 3:<\/strong><\/u><\/span><span style=\"font-family: Times New Roman, Times, serif;\"><span style=\"font-size: medium;\"><strong>\u00a0\u00a0Respiraci\u00f3n en la Empresa<\/strong><\/span><\/span><\/p>\n<p><span style=\"font-family: Times New Roman, Times, serif; font-size: small;\">&#8211;\u00a0UN CAMBIO A LA TOTALIDAD. Judee Gee.<br \/>\n&#8211; Entrevista con Viola Edwards.<br \/>\n&#8211; LA RESPIRACION EN LA EMPRESA. Paco Cremades e Inmaculada Mart\u00ednez.<br \/>\n&#8211; REEXPERIMENTANDO LAS IMPRESIONES PRE Y PERINATALES EN ESTADOS DE CONCIENCIA NO ORDINARIOS. Parte III. Mark Seelig.<br \/>\n&#8211; MAS SOBRE LA TETANIA. Rosa M\u00aa Rodicio.<br \/>\n&#8211; Informe desde Venezuela: Encuentro internacional del perd\u00f3n.<\/span><\/td>\n<\/tr>\n<tr>\n<td><span style=\"font-family: Times New Roman, Times, serif;\"><img loading=\"lazy\" src=\"http:\/\/www.escueladerespiracion.com\/Revista%20Respiracion\/Revista4.jpg\" width=\"130\" height=\"185\" \/><\/span><\/td>\n<td>\n<p align=\"center\"><span style=\"font-family: Times New Roman, Times, serif; font-size: medium;\"><u><strong>Revista n\u00ba 4:<\/strong><\/u><\/span><span style=\"font-family: Times New Roman, Times, serif;\"><span style=\"font-size: medium;\"><strong>\u00a0\u00a0El Nacimiento<\/strong><\/span><\/span><\/p>\n<p><span style=\"font-family: Times New Roman, Times, serif; font-size: small;\">&#8211;\u00a0ENTREVISTA A ROMA SPRING. Por Natividad Jim\u00e9nez.<br \/>\n&#8211; NACER A LA LUZ ES UNA CUESTION DE AMOR. M\u00aa Luisa Becerra.<br \/>\n&#8211; POR UN NACIMIENTO FELIZ. Susana Olalla.<br \/>\n&#8211; CRONICA DE UNA GESTACION CONSCIENTE. H\u00e8l\u00e9ne Cuevas.<br \/>\n&#8211; ENTREVISTA A BINNIE DANSBY. Por Robert Moore y Natividad Jim\u00e9nez.<br \/>\n&#8211; RESPIRAR PARA LA PAZ<\/span><\/td>\n<\/tr>\n<tr>\n<td><span style=\"font-family: Times New Roman, Times, serif;\"><img loading=\"lazy\" src=\"http:\/\/www.escueladerespiracion.com\/Revista%20Respiracion\/Revista5.jpg\" width=\"130\" height=\"184\" \/><\/span><\/td>\n<td>\n<p align=\"center\"><span style=\"font-family: Times New Roman, Times, serif; font-size: medium;\"><u><strong>Revista n\u00ba 5:<\/strong><\/u><\/span><span style=\"font-family: Times New Roman, Times, serif;\"><span style=\"font-size: medium;\"><strong>\u00a0\u00a0Prana<\/strong><\/span><\/span><\/p>\n<p><span style=\"font-family: Times New Roman, Times, serif; font-size: small;\">&#8211;\u00a0LA IMPORTANCIA DE LA RESPIRACION. Armando Aguilar.<br \/>\n&#8211; PRANA. Diversas fuentes.<br \/>\n&#8211; RESPIRACION. Wilfried Ehrmann.<br \/>\n&#8211; CADA RESPIRACION QUE TOMAS. Entrevista a Jasmuheen.<br \/>\n&#8211; LA PAGINA DEL PERDON. Carmen Juarez.<br \/>\n&#8211; LOS CONGRESOS DEL 2000.<br \/>\n&#8211; UN RADAR HACIA EL INFINITO. Por Silvina Altermann.<\/span><\/td>\n<\/tr>\n<tr>\n<td><span style=\"font-family: Times New Roman, Times, serif;\"><img loading=\"lazy\" src=\"http:\/\/www.escueladerespiracion.com\/Revista%20Respiracion\/revista06.gif\" width=\"130\" height=\"182\" \/><\/span><\/td>\n<td>\n<p align=\"center\"><span style=\"font-family: Times New Roman, Times, serif; font-size: medium;\"><u><strong>Revista n\u00ba 6:<\/strong><\/u><\/span><span style=\"font-family: Times New Roman, Times, serif;\"><span style=\"font-size: medium;\"><strong>\u00a0\u00a0Rebirthing<\/strong><\/span><\/span><\/p>\n<p><span style=\"font-family: Times New Roman, Times, serif; font-size: small;\">&#8211;\u00a0EL RENACIMIENTO COMO PRACTICA DE PURIFICACION ESPIRITUAL. Lola Griso.<br \/>\n&#8211; CAMBI\u00c9 EL HUMO POR AIRE. Alfons Vallet.<br \/>\n&#8211; REBIRTHING &amp; EL METODO DE TRABAJO CON LA RESPIRACION DE LOS TEXTOS BUDISTAS PALI. Joy Mann\u00e9.<br \/>\n&#8211; REBIRTHER (RENACEDOR): UNA NUEVA PROFESION.<br \/>\n&#8211; REBIRTHING Y YOGA. Alakh Analda.<br \/>\n&#8211; UN RADAR HACIA EL INFINITO. Mart\u00edn Boroson.<br \/>\n&#8211; LA PAGINA DEL PERDON. Carmen Juarez.<br \/>\n&#8211; EL EXITO SOSTENIBLE &#8230; Por Viola Edwards.<\/span><\/td>\n<\/tr>\n<tr>\n<td><span style=\"font-family: Times New Roman, Times, serif;\"><img loading=\"lazy\" src=\"http:\/\/www.escueladerespiracion.com\/Revista%20Respiracion\/revista07.gif\" width=\"130\" height=\"182\" \/><\/span><\/td>\n<td>\n<p align=\"center\"><span style=\"font-family: Times New Roman, Times, serif; font-size: medium;\"><u><strong>Revista n\u00ba 7:<\/strong><\/u><\/span><span style=\"font-family: Times New Roman, Times, serif;\"><span style=\"font-size: medium;\"><strong>\u00a0\u00a0Relaciones<\/strong><\/span><\/span><\/p>\n<p><span style=\"font-family: Times New Roman, Times, serif; font-size: small;\">&#8211;\u00a0RELACIONES: CONSCIENCIA Y PROP\u00d3SITO. Luis Carlos Fern\u00e1ndez.<br \/>\n&#8211; LAS FASES DE LA SEPARACI\u00d3N. Nemi Nath.<br \/>\n&#8211; LIBERTAD Y RELACIONES. Colin Sisson.<br \/>\n&#8211; NUEVAS FORMAS DE ENTENDER EL TRABAJO. Manuel Rodr\u00edguez Alejandre.<br \/>\n&#8211; EL PENSAMIENTO ES CREATIVO. Carmen Boix.<br \/>\n&#8211; M\u00c1S SOBRE EL PRANA. Alfons Vallet.<br \/>\n&#8211; LA PAGINA DEL PERDON. Carmen Juarez.<\/span><\/td>\n<\/tr>\n<tr>\n<td><span style=\"font-family: Times New Roman, Times, serif;\"><img loading=\"lazy\" src=\"http:\/\/www.escueladerespiracion.com\/Revista%20Respiracion\/revista08.gif\" width=\"130\" height=\"182\" \/><\/span><\/td>\n<td>\n<p align=\"center\"><span style=\"font-family: Times New Roman, Times, serif; font-size: medium;\"><u><strong>Revista n\u00ba 8:<\/strong><\/u><\/span><span style=\"font-family: Times New Roman, Times, serif;\"><span style=\"font-size: medium;\"><strong>\u00a0M\u00e1s sobre Relaciones<\/strong><\/span><\/span><\/p>\n<p><span style=\"font-family: Times New Roman, Times, serif; font-size: small;\">&#8211;\u00a0FASES DE LAS RELACIONES. Wilfried Ehrmann.<br \/>\n&#8211; LAS FASES DE LA SEPARACI\u00d3N. Nemi Nath.<br \/>\n&#8211; PENSAMIENTO CREATIVO. Jose D\u00edaz.<br \/>\n&#8211; RESPIRACION HOLOTR\u00d3PICA. Silvia Alterman.<br \/>\n&#8211; SECCI\u00d3N: SALUD Y BELLEZA, por Evamar\u00eda Molina.<br \/>\n&#8211; TU RELACI\u00d3N CON LA COMIDA. Marina Borruso.<\/span><\/td>\n<\/tr>\n<tr>\n<td><span style=\"font-family: Times New Roman, Times, serif;\"><img loading=\"lazy\" src=\"http:\/\/www.escueladerespiracion.com\/Revista%20Respiracion\/revista09.gif\" width=\"130\" height=\"182\" \/><\/span><\/td>\n<td>\n<p align=\"center\"><span style=\"font-family: Times New Roman, Times, serif; font-size: medium;\"><u><strong>Revista n\u00ba 9:<\/strong><\/u><\/span><span style=\"font-family: Times New Roman, Times, serif;\"><span style=\"font-size: medium;\"><strong>\u00a0\u00a0Respiraci\u00f3n, Voz y Sonido<\/strong><\/span><\/span><\/p>\n<p><span style=\"font-family: Times New Roman, Times, serif; font-size: small;\">&#8211;\u00a0EL CANTO Y MUCHO M\u00c1S. Entrevista a Nancy Zi.<br \/>\n&#8211; EL SONIDO DEL AIRE. Entrevista a Karin Schelde.<br \/>\n&#8211; P\u00c1JAROS CANTORES. Sandra Smith.<br \/>\n&#8211; SECCI\u00d3N: LA P\u00c1GINA DEL PERD\u00d3N, por Carmen Juarez.<br \/>\n&#8211; LA VIDA COMO TEATRO.Entrevista a Erick Burger R.<br \/>\n&#8211; LO FEMENINO Y SUS PODERES CREATIVOS. Alana Messineo.<\/span><\/td>\n<\/tr>\n<tr>\n<td><span style=\"font-family: Times New Roman, Times, serif;\"><img loading=\"lazy\" src=\"http:\/\/www.escueladerespiracion.com\/Revista%20Respiracion\/revista10.gif\" width=\"130\" height=\"182\" \/><\/span><\/td>\n<td>\n<p align=\"center\"><span style=\"font-family: Times New Roman, Times, serif; font-size: medium;\"><u><strong>Revista n\u00ba 10:<\/strong><\/u><\/span><span style=\"font-family: Times New Roman, Times, serif;\"><span style=\"font-size: medium;\"><strong>\u00a0\u00a0La experiencia del vac\u00edo<\/strong><\/span><\/span><\/p>\n<p><span style=\"font-family: Times New Roman, Times, serif; font-size: small;\">&#8211;\u00a0ME SIENTO VAC\u00cdO. Sitara Blasco y Juanjo Segura.<br \/>\n&#8211; ATESORA EL VAC\u00cdO. Richard Lang.<br \/>\n&#8211; RESPIRACI\u00d3N CONSCIENTE PARA DOCENTES. Natividad Jim\u00e9nez.<br \/>\n&#8211; ENERG\u00cdA FEMENINA. Alana Messineo.<br \/>\n&#8211; SECCI\u00d3N: SALUD Y BELLEZA, por Evamar\u00eda Molina.<br \/>\n&#8211; SECCI\u00d3N: NUEVA CONSCIENCIA, por Manuel Rodr\u00edguez Alejandre:\u00a0<em>Por un Mundo mejor.<\/em><\/span><\/td>\n<\/tr>\n<tr>\n<td><span style=\"font-family: Times New Roman, Times, serif;\"><img loading=\"lazy\" src=\"http:\/\/www.escueladerespiracion.com\/Revista%20Respiracion\/revista11.gif\" width=\"130\" height=\"182\" \/><\/span><\/td>\n<td>\n<p align=\"center\"><span style=\"font-family: Times New Roman, Times, serif; font-size: medium;\"><u><strong>Revista n\u00ba 11:<\/strong><\/u><\/span><span style=\"font-family: Times New Roman, Times, serif;\"><span style=\"font-size: medium;\"><strong>\u00a0\u00a0Rebirthing y Asma<\/strong><\/span><\/span><\/p>\n<p><span style=\"font-family: Times New Roman, Times, serif; font-size: small;\">&#8211;\u00a0ASMA. Robert Moore.<br \/>\n&#8211; REBIRTHING Y ASMA. Mel Freitas.<br \/>\n&#8211; CONSTELACIONES FAMILIARES. Rosa Farres<br \/>\n&#8211; EL M\u00c9TODO BUTEYKO Y EL ASMA. Mavis J. Riddel.<br \/>\n&#8211;\u00a0SOBRE EL ASMA. Cristina Artemis.<br \/>\n&#8211; SECCI\u00d3N: SALUD Y BELLEZA, por Evamar\u00eda Molina.<br \/>\n&#8211; SECCI\u00d3N: LA P\u00c1GINA DEL PERD\u00d3N, por Carmen Juarez.<br \/>\n&#8211; SECCI\u00d3N: NUEVA CONSCIENCIA, por Manuel Rodr\u00edguez Alejandre.\u00a0<em>Nutrir nuestra mente y alimentar nuestro cuerpo.<\/em><\/span><\/td>\n<\/tr>\n<tr>\n<td><span style=\"font-family: Times New Roman, Times, serif;\"><img loading=\"lazy\" src=\"http:\/\/www.escueladerespiracion.com\/Revista%20Respiracion\/revista12.gif\" width=\"130\" height=\"182\" \/><\/span><\/td>\n<td>\n<p align=\"center\"><span style=\"font-family: Times New Roman, Times, serif; font-size: medium;\"><u><strong>Revista n\u00ba 12:<\/strong><\/u><\/span><span style=\"font-family: Times New Roman, Times, serif;\"><span style=\"font-size: medium;\"><strong>\u00a0\u00a0Dolor y Respiraci\u00f3n<\/strong><\/span><\/span><\/p>\n<p><span style=\"font-family: Times New Roman, Times, serif; font-size: small;\">&#8211;\u00a0UNA NUEVA ESTRATEGIA. Ana Mar\u00eda Aguirre.<br \/>\n&#8211; CADENA ENERG\u00c9TICA DOLOROSA. Claudia Dorda.<br \/>\n&#8211; EL M\u00c9TODO BUTEYKO. Dorisse Neale.<br \/>\n&#8211; ASTROLOG\u00cdA, LA CARTA NATAL. Entrevista a Idanis Alv\u00e1rez.<br \/>\n&#8211;\u00a0AGRADECIMIENTO, por Noem\u00ed Vera.<br \/>\n&#8211; SECCI\u00d3N: NUEVA CONSCIENCIA, por Manuel Rodr\u00edguez Alejandre.<em>\u00a0KIM PHUC &#8211; La fuerza del perd\u00f3n.<\/em><\/span><\/td>\n<\/tr>\n<tr>\n<td><span style=\"font-family: Times New Roman, Times, serif;\"><img loading=\"lazy\" src=\"http:\/\/www.escueladerespiracion.com\/Revista%20Respiracion\/revista13.gif\" width=\"130\" height=\"180\" \/><\/span><\/td>\n<td>\n<p align=\"center\"><span style=\"font-family: Times New Roman, Times, serif; font-size: medium;\"><u><strong>Revista n\u00ba 13:<\/strong><\/u><\/span><span style=\"font-family: Times New Roman, Times, serif;\"><span style=\"font-size: medium;\"><strong>\u00a0\u00a0Respiraci\u00f3n y Energ\u00eda Sexual<\/strong><\/span><\/span><\/p>\n<p><span style=\"font-family: Times New Roman, Times, serif; font-size: small;\">&#8211;\u00a0TANTRA. Inmaculada Mart\u00ednez.<br \/>\n&#8211; LA SEXUALIDAD Y LA RESPIRACI\u00d3N. Eva Mar\u00eda Molina.<br \/>\n&#8211; LA PRIMERA VEZ&#8230;<br \/>\n&#8211; RESPIRACI\u00d3N, ENERG\u00cdA VITAL Y ENERG\u00cdA SEXUAL. Alfons Vallet.<br \/>\n&#8211; SECCI\u00d3N: LA P\u00c1GINA DEL PERD\u00d3N, por Carmen Juarez.<br \/>\n&#8211;\u00a0LA VERDAD SOBRE EL REBIRTHING. Leonard Orr.<br \/>\n&#8211; SECCI\u00d3N: NUEVA CONSCIENCIA, por Manuel Rodr\u00edguez Alejandre &#8211;\u00a0<em>Un libro importante: El Poder del AHORA.<\/em><\/span><\/td>\n<\/tr>\n<tr>\n<td><span style=\"font-family: Times New Roman, Times, serif;\"><img loading=\"lazy\" src=\"http:\/\/www.escueladerespiracion.com\/Revista%20Respiracion\/revista14.gif\" width=\"130\" height=\"182\" \/><\/span><\/td>\n<td>\n<p align=\"center\"><span style=\"font-family: Times New Roman, Times, serif; font-size: medium;\"><u><strong>Revista n\u00ba 14:<\/strong><\/u><\/span><span style=\"font-family: Times New Roman, Times, serif;\"><span style=\"font-size: medium;\"><strong>\u00a0\u00a0Respiraci\u00f3n y t\u00e9cnicas corporales.<\/strong><\/span><\/span><\/p>\n<p><span style=\"font-family: Times New Roman, Times, serif; font-size: small;\">&#8211;\u00a0MOVIMIENTO Y RESPIRACI\u00d3N. Karin Drexler.<br \/>\n&#8211; PERFECCI\u00d3N EN EL CONTACTO. Edward J. Di Maio.<br \/>\n&#8211; Entrevista a SONDRA RAY, por Beberly Pugh.<br \/>\n&#8211; ONDULACIONES CORPORALES Y RESPIRACI\u00d3N. Sylvie Dunand.<br \/>\n&#8211; SECCI\u00d3N: LA P\u00c1GINA DEL PERD\u00d3N, por Carmen Juarez.<br \/>\n&#8211; Entrevista a ROBERT COON, por Carmen Ju\u00e1rez.<br \/>\n&#8211; RESPIRACI\u00d3N Y SEXUALIDAD EN EL MASAJE BIOENERG\u00c9TICO. Mar\u00eda Gonz\u00e1lez.<br \/>\n&#8211; SECCI\u00d3N: NUEVA CONSCIENCIA, por Manuel Rodr\u00edguez Alejandre.\u00a0<em>Creamos la Paz.<\/em><\/span><\/td>\n<\/tr>\n<tr>\n<td><span style=\"font-family: Times New Roman, Times, serif;\"><img loading=\"lazy\" src=\"http:\/\/www.escueladerespiracion.com\/Revista%20Respiracion\/revista15.gif\" width=\"130\" height=\"180\" \/><\/span><\/td>\n<td>\n<p align=\"center\"><span style=\"font-family: Times New Roman, Times, serif; font-size: medium;\"><u><strong>Revista n\u00ba 15:<\/strong><\/u><\/span><span style=\"font-family: Times New Roman, Times, serif;\"><span style=\"font-size: medium;\"><strong>\u00a0\u00a0Fuego, Aire, Agua y Tierra<\/strong><\/span><\/span><\/p>\n<p><span style=\"font-family: Times New Roman, Times, serif; font-size: small;\">&#8211;\u00a0LA VERDADERA PAZ. Binnie Dansby.<br \/>\n&#8211; LA PURIFICACI\u00d3N DE ESPACIOS. Karen Kingston.<br \/>\n&#8211; CREANDO MENTES PAC\u00cdFICAS. Vivienne Silver-Leigh.<br \/>\n&#8211; PAZ Y RESPIRACI\u00d3N CONSCIENTE. Rebeca Macleod.<br \/>\n&#8211;\u00a0DERECHOS DEL NACIMIENTO.<br \/>\n&#8211; SECCI\u00d3N: LA P\u00c1GINA DEL PERD\u00d3N, por Carmen Juarez.<br \/>\n&#8211; FUEGO, AIRE, AGUA Y TIERRA. Eva Mar\u00eda Molina.<br \/>\n&#8211; SECCI\u00d3N: NUEVA CONSCIENCIA, por Manuel Rodr\u00edguez Alejandre.\u00a0<em>Hombres al tren.<\/em><\/span><\/td>\n<\/tr>\n<tr>\n<td><span style=\"font-family: Times New Roman, Times, serif;\"><img loading=\"lazy\" src=\"http:\/\/www.escueladerespiracion.com\/Revista%20Respiracion\/revista16.gif\" width=\"130\" height=\"181\" \/><\/span><\/td>\n<td>\n<p align=\"center\"><span style=\"font-family: Times New Roman, Times, serif; font-size: medium;\"><u><strong>Revista n\u00ba 16:<\/strong><\/u><\/span><span style=\"font-family: Times New Roman, Times, serif;\"><span style=\"font-size: medium;\"><strong>\u00a0\u00a0La primera Respiraci\u00f3n<\/strong><\/span><\/span><\/p>\n<p><span style=\"font-family: Times New Roman, Times, serif; font-size: small;\">&#8211;\u00a0LA PRIMERA RESPIRACI\u00d3N. Ver\u00f3nica Gulluscio.<br \/>\n&#8211; EXPERIENCIA DEL PARTO NATURAL. Tatiana Rodr\u00edguez.<br \/>\n&#8211; MI PRIMERA RESPIRACI\u00d3N. Luc\u00eda Cord\u00f3n.<br \/>\n&#8211; SONDRA EN ESPA\u00d1A. Sha\u00fan.<br \/>\n&#8211;\u00a0G.I.C. 2003 &#8211; AUSTRALIA.<br \/>\n&#8211; SECCI\u00d3N: NUEVA CONSCIENCIA, por Manuel Rodr\u00edguez Alejandre.\u00a0<em>Las culturas del nacer, del parir y del criar &#8211; Culturas de la paz.<\/em><\/span><\/td>\n<\/tr>\n<tr>\n<td><span style=\"font-family: Times New Roman, Times, serif;\"><img loading=\"lazy\" src=\"http:\/\/www.escueladerespiracion.com\/Revista%20Respiracion\/revista17.gif\" width=\"130\" height=\"181\" \/><\/span><\/td>\n<td>\n<p align=\"center\"><span style=\"font-family: Times New Roman, Times, serif; font-size: medium;\"><u><strong>Revista n\u00ba 17:<\/strong><\/u><\/span><span style=\"font-family: Times New Roman, Times, serif;\"><span style=\"font-size: medium;\"><strong>\u00a0\u00a0Las Drogas<\/strong><\/span><\/span><\/p>\n<p><span style=\"font-family: Times New Roman, Times, serif; font-size: small;\">&#8211;\u00a0CARTA A LOS LECTORES.<br \/>\n&#8211; LAS OTRAS DROGAS. Marta Cubas.<br \/>\n&#8211; HUKARI NO KOKYU-HO, Silvina P\u00e1ez.<br \/>\n&#8211; SE ABRI\u00d3 UNA PUERTA PARA&#8230; Gloria Roncero y Jacinto Alegre.<br \/>\n&#8211; FELICITACI\u00d3N NAVIDE\u00d1A.<br \/>\n&#8211;\u00a0RESPIRANDO CON LAS BALLENAS. Tatiana Rodr\u00edguez.<br \/>\n&#8211; SECCI\u00d3N: LA P\u00c1GINA DEL PERD\u00d3N, por Carmen Juarez.<\/span><\/td>\n<\/tr>\n<tr>\n<td><span style=\"font-family: Times New Roman, Times, serif;\"><img loading=\"lazy\" src=\"http:\/\/www.escueladerespiracion.com\/Revista%20Respiracion\/revista18.gif\" width=\"130\" height=\"181\" \/><\/span><\/td>\n<td>\n<p align=\"center\"><span style=\"font-family: Times New Roman, Times, serif; font-size: medium;\"><u><strong>Revista n\u00ba 18:<\/strong><\/u><strong>\u00a0\u00a0La Fe<\/strong><\/span><\/p>\n<p><span style=\"font-family: Times New Roman, Times, serif; font-size: small;\">&#8211;\u00a0ALGUNAS COSAS QUE ME MOTIVAN. Silvia Jastram.<br \/>\n&#8211; FE. Jos Framis.<br \/>\n&#8211; DROGAS PARA UN PARTO &#8220;R\u00c1PIDO&#8221;. Andrea Anguera.<br \/>\n&#8211; SIN T\u00cdTULO. Carlos Jos\u00e9 compte.<br \/>\n&#8211; RELACTANCIA. Tatiana Rodr\u00edguez.<br \/>\n<\/span><\/td>\n<\/tr>\n<\/tbody>\n<\/table>\n<p align=\"center\">\n<\/div>\n<\/div>\n<\/div>\n<\/div>\n<div align=\"center\">\n<p align=\"center\">\n<\/div>\n<\/div>\n<\/div>\n<\/div>\n<\/div>\n<\/div>\n<\/div>\n<\/div>\n","protected":false},"excerpt":{"rendered":"<p>La revista Respiraci\u00f3n naci\u00f3 en los a\u00f1os 90, en Espa\u00f1a, como un elemento de comunicaci\u00f3n e intercambio entre los profesionales de diferentes t\u00e9cnicas de respiraci\u00f3n. Su creadora y editora fue\u00a0Karin Drexler.\u00a0Agradecemos a Armando Aguilar, a Inmaculada Mart\u00ednez, a Jacinto Alegre y a Fanny van Laere como miembros del CAR Madrid e impulsores de este proyecto&#8230;<\/p>\n","protected":false},"author":1,"featured_media":0,"parent":0,"menu_order":0,"comment_status":"closed","ping_status":"closed","template":"","meta":[],"acf":[],"_links":{"self":[{"href":"https:\/\/www.escueladerespiracion.com\/index.php\/wp-json\/wp\/v2\/pages\/6009"}],"collection":[{"href":"https:\/\/www.escueladerespiracion.com\/index.php\/wp-json\/wp\/v2\/pages"}],"about":[{"href":"https:\/\/www.escueladerespiracion.com\/index.php\/wp-json\/wp\/v2\/types\/page"}],"author":[{"embeddable":true,"href":"https:\/\/www.escueladerespiracion.com\/index.php\/wp-json\/wp\/v2\/users\/1"}],"replies":[{"embeddable":true,"href":"https:\/\/www.escueladerespiracion.com\/index.php\/wp-json\/wp\/v2\/comments?post=6009"}],"version-history":[{"count":6,"href":"https:\/\/www.escueladerespiracion.com\/index.php\/wp-json\/wp\/v2\/pages\/6009\/revisions"}],"predecessor-version":[{"id":6015,"href":"https:\/\/www.escueladerespiracion.com\/index.php\/wp-json\/wp\/v2\/pages\/6009\/revisions\/6015"}],"wp:attachment":[{"href":"https:\/\/www.escueladerespiracion.com\/index.php\/wp-json\/wp\/v2\/media?parent=6009"}],"curies":[{"name":"wp","href":"https:\/\/api.w.org\/{rel}","templated":true}]}}