{"id":3367,"date":"2016-08-24T22:02:49","date_gmt":"2016-08-24T22:02:49","guid":{"rendered":"http:\/\/demo.yolotheme.com\/dummy\/behealth\/?page_id=3367"},"modified":"2018-08-28T13:52:25","modified_gmt":"2018-08-28T12:52:25","slug":"sobre-nosotros","status":"publish","type":"page","link":"https:\/\/www.escueladerespiracion.com\/index.php\/sobre-nosotros\/","title":{"rendered":"Sobre nosotros"},"content":{"rendered":"<p>[vc_row css=&#8221;.vc_custom_1531836174531{padding-top: 20px !important;}&#8221;][vc_column][vc_custom_heading text=&#8221;Te invitamos a conocernos un poco mejor&#8230;&#8221; font_container=&#8221;tag:h2|font_size:40px|text_align:center|color:%234858e2&#8243; use_theme_fonts=&#8221;yes&#8221; css=&#8221;.vc_custom_1533642887435{margin-top: -10px !important;margin-bottom: 0px !important;}&#8221; el_class=&#8221;title_borde_alas&#8221;][\/vc_column][\/vc_row][vc_row css=&#8221;.vc_custom_1530278777091{padding-top: 5% !important;}&#8221;][vc_column width=&#8221;1\/2&#8243; css=&#8221;.vc_custom_1535458323936{padding-right: 15px !important;padding-left: 15px !important;}&#8221;][vc_column_text css=&#8221;.vc_custom_1530278689126{margin-bottom: 35px !important;}&#8221;]Nuestra MISI\u00d3N es contribuir a elevar el Bienestar f\u00edsico, mental y emocional del SER humano, a trav\u00e9s de los recursos internos que todos poseemos: La <strong>Respiraci\u00f3n y el Pensamiento Consciente<\/strong>. Para esto estamos a tu servicio.<\/p>\n<p>Deseamos que en este espacio pases un rato agradable, encuentres la informaci\u00f3n que buscas y la motivaci\u00f3n para <strong>RESPIRAR<\/strong> cada d\u00eda un poco m\u00e1s, y as\u00ed aumentar en tu vida la alegr\u00eda, la paz y tu creatividad.<\/p>\n<p style=\"text-align: center;\">Gracias por tu visita,<br \/>\n<a title=\"Acerca de: Natividad Jim\u00e9nez Saavedra\" href=\"http:\/\/www.escueladerespiracion.com\/?p=44\">Natividad Jim\u00e9nez Saavedra <\/a><br \/>\n&#8211; Directora &#8211;<\/p>\n<p>[\/vc_column_text][\/vc_column][vc_column width=&#8221;1\/2&#8243;][vc_single_image image=&#8221;5860&#8243; img_size=&#8221;full&#8221; alignment=&#8221;center&#8221; style=&#8221;vc_box_shadow_3d&#8221;][\/vc_column][\/vc_row][vc_row][vc_column][vc_empty_space][\/vc_column][\/vc_row][vc_row css=&#8221;.vc_custom_1533643415829{padding-top: 5% !important;padding-bottom: 5% !important;background-color: #ffffff !important;}&#8221;][vc_column width=&#8221;1\/2&#8243; css=&#8221;.vc_custom_1474080656152{padding-right: 0px !important;padding-left: 0px !important;}&#8221; offset=&#8221;vc_col-lg-3 vc_col-md-3&#8243;]                    <div class=\"counter-wrap-style_1 \" >\r\n                <div class=\"gr-counter gr-animated style_1   \">\r\n  <div class=\"content-inner\">\r\n             <div class=\"icon-wrap\">\r\n             <img src=\"https:\/\/www.escueladerespiracion.com\/wp-content\/uploads\/2018\/08\/snowed-mountains1.png\"  alt=\"A\u00f1os de Experiencia\">\r\n        <\/div>  \r\n       \r\n    <div class=\"counter-content\">\r\n      <div data-from=\"0\" data-to=\"28\" class=\"gr-number-counter\">\r\n        28      <\/div>\r\n      <div class=\"gr-text-defaul\">A\u00f1os de Experiencia<\/div>\r\n    <\/div>\r\n  <\/div>\r\n<\/div>            <\/div>\r\n        [\/vc_column][vc_column width=&#8221;1\/2&#8243; css=&#8221;.vc_custom_1474080670808{padding-right: 0px !important;padding-left: 0px !important;}&#8221; offset=&#8221;vc_col-lg-3 vc_col-md-3&#8243;]                    <div class=\"counter-wrap-style_1 \" >\r\n                <div class=\"gr-counter gr-animated style_1   \">\r\n  <div class=\"content-inner\">\r\n             <div class=\"icon-wrap\">\r\n             <img src=\"https:\/\/www.escueladerespiracion.com\/wp-content\/uploads\/kayak.png\"  alt=\"Formadores\">\r\n        <\/div>  \r\n       \r\n    <div class=\"counter-content\">\r\n      <div data-from=\"0\" data-to=\"9\" class=\"gr-number-counter\">\r\n        9      <\/div>\r\n      <div class=\"gr-text-defaul\">Formadores<\/div>\r\n    <\/div>\r\n  <\/div>\r\n<\/div>            <\/div>\r\n        [\/vc_column][vc_column width=&#8221;1\/2&#8243; css=&#8221;.vc_custom_1474080696874{padding-right: 0px !important;padding-left: 0px !important;}&#8221; offset=&#8221;vc_col-lg-3 vc_col-md-3&#8243;]                    <div class=\"counter-wrap-style_1 \" >\r\n                <div class=\"gr-counter gr-animated style_1   \">\r\n  <div class=\"content-inner\">\r\n             <div class=\"icon-wrap\">\r\n             <img src=\"https:\/\/www.escueladerespiracion.com\/wp-content\/uploads\/bicycle-rider.png\"  alt=\"Actividades\">\r\n        <\/div>  \r\n       \r\n    <div class=\"counter-content\">\r\n      <div data-from=\"0\" data-to=\"+10\" class=\"gr-number-counter\">\r\n        +10      <\/div>\r\n      <div class=\"gr-text-defaul\">Actividades<\/div>\r\n    <\/div>\r\n  <\/div>\r\n<\/div>            <\/div>\r\n        [\/vc_column][vc_column width=&#8221;1\/2&#8243; css=&#8221;.vc_custom_1474080710114{padding-right: 0px !important;padding-left: 0px !important;}&#8221; offset=&#8221;vc_col-lg-3 vc_col-md-3&#8243;]                    <div class=\"counter-wrap-style_1 \" >\r\n                <div class=\"gr-counter gr-animated style_1   \">\r\n  <div class=\"content-inner\">\r\n             <div class=\"icon-wrap\">\r\n             <img src=\"https:\/\/www.escueladerespiracion.com\/wp-content\/uploads\/cup.png\"  alt=\"Horas de formaci\u00f3n\">\r\n        <\/div>  \r\n       \r\n    <div class=\"counter-content\">\r\n      <div data-from=\"0\" data-to=\"2763\" class=\"gr-number-counter\">\r\n        2763      <\/div>\r\n      <div class=\"gr-text-defaul\">Horas de formaci\u00f3n<\/div>\r\n    <\/div>\r\n  <\/div>\r\n<\/div>            <\/div>\r\n        [\/vc_column][\/vc_row][vc_row][vc_column][vc_empty_space][vc_custom_heading text=&#8221;Nuestro Equipo&#8221; font_container=&#8221;tag:h2|font_size:40px|text_align:center|color:%234858e2&#8243; use_theme_fonts=&#8221;yes&#8221; css=&#8221;.vc_custom_1533642896194{margin-top: 0px !important;}&#8221; el_class=&#8221;title_borde_alas&#8221;][vc_empty_space][vc_row_inner el_class=&#8221;oculta_social&#8221;][vc_column_inner width=&#8221;1\/3&#8243;]            <div class = \" \" >\r\n                <div id=\"yolo-trainermembers-69f0d282afc0d\" class=\"yolo-trainermembers\">\r\n            <div class=\"trainermembers-image\">\r\n            <img width=\"354\" height=\"419\" src=\"https:\/\/www.escueladerespiracion.com\/wp-content\/uploads\/DSC_0065-copia-3x3.jpg\" class=\"attachment-post-thumbnail size-post-thumbnail wp-post-image\" alt=\"\" loading=\"lazy\" srcset=\"https:\/\/www.escueladerespiracion.com\/wp-content\/uploads\/DSC_0065-copia-3x3.jpg 354w, https:\/\/www.escueladerespiracion.com\/wp-content\/uploads\/DSC_0065-copia-3x3-253x300.jpg 253w\" sizes=\"(max-width: 354px) 100vw, 354px\" \/>            <div class=\"trainer-hover-img\"><\/div>\r\n        <\/div>\r\n        <div class=\"trainermembers-info\">\r\n            <div class=\"trainermembers-social\">\r\n                <div class=\"icon-link\">\r\n                    <div class=\"social-show\">\r\n                        <ul>\r\n                                                            <li class=\"yolo_teammember_facebook\"><a href=\"https:\/\/www.facebook.com\/profile.php?id=146770512075480&ref=br_rs\"><i class=\"fa fa-facebook\" aria-hidden=\"true\"><\/i><\/a><\/li>\r\n                                                                                        <li class=\"yolo_teammember_twitter\"><a href=\"https:\/\/twitter.com\/natividadjim\"><i class=\"fa fa-twitter\" aria-hidden=\"true\"><\/i><\/a><\/li>\r\n                                                                                        <li class=\"yolo_teammember_google\"><a href=\"https:\/\/plus.google.com\/u\/0\/103654162142736145085\"><i class=\"fa fa-google-plus\" aria-hidden=\"true\"><\/i><\/a><\/li>\r\n                                                                                                                                                                                                <\/ul>\r\n                    <\/div>\r\n                <\/div>\r\n            <\/div>\r\n            <div class=\"trainermembers-name\"><a href=\"https:\/\/www.escueladerespiracion.com\/trainer\/natividad\/\">Natividad<\/a><\/div>\r\n            <div class=\"trainermembers-position\">Directora \/ Docente \/ Formadora<\/div>\r\n            <!-- Large modal -->\r\n            <div class=\"modal fade bs-trainer-modal-lg\" tabindex=\"-1\" role=\"dialog\" >\r\n              <div class=\"modal-dialog modal-lg\" role=\"document\">\r\n                <div class=\"modal-content\">\r\n                <div class=\"modal-header\"><button type=\"button\" class=\"close\" data-dismiss=\"modal\" aria-label=\"Close\"><span aria-hidden=\"true\">&times;<\/span><\/button><\/div>\r\n                  <div class=\"trainer-quick-data\" >\r\n                    <div class=\"col-xs-12 col-sm-4 quick-data-left\">\r\n                        <img width=\"354\" height=\"419\" src=\"https:\/\/www.escueladerespiracion.com\/wp-content\/uploads\/DSC_0065-copia-3x3.jpg\" class=\"attachment-post-thumbnail size-post-thumbnail wp-post-image\" alt=\"\" loading=\"lazy\" srcset=\"https:\/\/www.escueladerespiracion.com\/wp-content\/uploads\/DSC_0065-copia-3x3.jpg 354w, https:\/\/www.escueladerespiracion.com\/wp-content\/uploads\/DSC_0065-copia-3x3-253x300.jpg 253w\" sizes=\"(max-width: 354px) 100vw, 354px\" \/>                        <div class=\"quick-data-social\">\r\n                            <div class=\"trainermembers-social\">\r\n                                <div class=\"icon-link full-icon\">\r\n                                    <ul>\r\n                                                                                    <li class=\"yolo_teammember_facebook\"><a href=\"https:\/\/www.facebook.com\/profile.php?id=146770512075480&amp;ref=br_rs\"><i class=\"fa fa-facebook\" aria-hidden=\"true\"><\/i><\/a><\/li>\r\n                                                                                                                            <li class=\"yolo_teammember_twitter\"><a href=\"https:\/\/twitter.com\/natividadjim\"><i class=\"fa fa-twitter\" aria-hidden=\"true\"><\/i><\/a><\/li>\r\n                                                                                                                            <li class=\"yolo_teammember_google\"><a href=\"https:\/\/plus.google.com\/u\/0\/103654162142736145085\"><i class=\"fa fa-google-plus\" aria-hidden=\"true\"><\/i><\/a><\/li>\r\n                                                                                                                                                                                                                                                                                    <\/ul>\r\n                                <\/div>\r\n                            <\/div>\r\n                        <\/div>\r\n                        <div class=\"sign-text\">\u201cSi puedes so\u00f1arlo, puedes hacerlo\u201d<\/div>\r\n                    <\/div>\r\n                    <div class=\"col-xs-12 col-sm-8 quick-data-right\">\r\n                        <div class=\"quick-data-right-header\">\r\n                            <div class=\"quick-data-right-header-title\">\r\n                                <div class=\"title-left\"><a href=\"https:\/\/www.escueladerespiracion.com\/trainer\/natividad\/\">Natividad<\/a><\/div>\r\n                                <div class=\"title-right\"><a href=\"https:\/\/www.escueladerespiracion.com\/trainer\/natividad\/\"><i class=\"fa fa-arrow-circle-o-right\" aria-hidden=\"true\"><\/i> View Classes<\/a><\/div>\r\n                            <\/div>\r\n                        <\/div>\r\n                        <div class=\"quick-data-right-header-cat\">\r\n                                                                        <\/div>\r\n                        <div class=\"quick-data-right-content\">\r\n                                                        <div class=\"row quick-data-right-content-detail\">\r\n                                <div class=\"col-xs-3 content-title\">Puesto<\/div>\r\n                                <div class=\"col-xs-9 content-text\">Directora \/ Docente \/ Formadora<\/div>\r\n                            <\/div>\r\n                                                                                                    <div class=\"row quick-data-right-content-detail\">\r\n                                <div class=\"col-xs-3 content-title\">Email<\/div>\r\n                                <div class=\"col-xs-9 content-text\">escueladerespiracion@gmail.com<\/div>\r\n                            <\/div>\r\n                                                                            <div class=\"row quick-data-right-content-detail\">\r\n                                <div class=\"col-xs-3 content-title\">Biograf\u00eda<\/div>\r\n                                <div class=\"col-xs-9 content-text\">Renacedora y coach. Es licenciada en Matem\u00e1ticas y profesora de la Universidad de La Laguna con m\u00e1s de TREINTA a\u00f1os de experiencia docente. Funda y dirige desde 1998 la Escuela Canaria de Respiraci\u00f3n.\r\n\r\nFue socia co-creadora y directora comercial de la revista Respiraci\u00f3n, que se edit\u00f3 para Espa\u00f1a y Sudam\u00e9rica entre los a\u00f1os 1999 y 2004.\r\nMiembro de I.B.F. (International Breathwork Foundation), formadora de renacedores, y facilitadora certificada del P.I.A. (Proyecto Internacional de Autoestima), creado por Bob Mandel.\r\n\r\nDesde el a\u00f1o 1993 ha impartido cientos de conferencias y ha sido invitada a diferentes programas de la radio y la televisi\u00f3n por su experiencia con la respiraci\u00f3n y el Rebirthing o Renacimiento.\r\n\r\nEs participante activa en las reuniones provinciales, nacionales e internacionales de los trabajadores con la Respiraci\u00f3n.\r\nAutora del libro \u201cRESPIRA\u201d, editado y publicado por la Editorial OB STARE, en enero de 2013.\r\n\r\nObtuvo el Certificado de Extensi\u00f3n Universitaria en Re-Nacimiento, otorgado por la Universidad Mar\u00eda Cristina de El Escorial, en septiembre de 2013, con una calificaci\u00f3n de Sobresaliente.<\/div>\r\n                            <\/div>\r\n                                                                        <\/div>\r\n                    <\/div>\r\n                <\/div>\r\n                <\/div>\r\n              <\/div>\r\n            <\/div>\r\n        <\/div>\r\n    <\/div>\r\n<script>\r\njQuery(document).ready(function($){\r\n    $(document).on('click', '.trainermembers-image', function(){\r\n        $(this).parent().find('.bs-trainer-modal-lg').modal('show');\r\n    });\r\n});\r\n<\/script>            <\/div>\r\n            [\/vc_column_inner][vc_column_inner width=&#8221;1\/3&#8243;]            <div class = \" \" >\r\n                <div id=\"yolo-trainermembers-69f0d282b4d4a\" class=\"yolo-trainermembers\">\r\n            <div class=\"trainermembers-image\">\r\n            <img width=\"354\" height=\"419\" src=\"https:\/\/www.escueladerespiracion.com\/wp-content\/uploads\/Agustin_new.jpg\" class=\"attachment-post-thumbnail size-post-thumbnail wp-post-image\" alt=\"\" loading=\"lazy\" \/>            <div class=\"trainer-hover-img\"><\/div>\r\n        <\/div>\r\n        <div class=\"trainermembers-info\">\r\n            <div class=\"trainermembers-social\">\r\n                <div class=\"icon-link\">\r\n                    <div class=\"social-show\">\r\n                        <ul>\r\n                                                                                                                                                                            <li class=\"yolo_teammember_linkedin\"><a href=\"#\"><i class=\"fa fa-linkedin\" aria-hidden=\"true\"><\/i><\/a><\/li>\r\n                                                                                                                                        <\/ul>\r\n                    <\/div>\r\n                <\/div>\r\n            <\/div>\r\n            <div class=\"trainermembers-name\"><a href=\"https:\/\/www.escueladerespiracion.com\/trainer\/agustin\/\">Agust\u00edn<\/a><\/div>\r\n            <div class=\"trainermembers-position\">Docente \/ Formador<\/div>\r\n            <!-- Large modal -->\r\n            <div class=\"modal fade bs-trainer-modal-lg\" tabindex=\"-1\" role=\"dialog\" >\r\n              <div class=\"modal-dialog modal-lg\" role=\"document\">\r\n                <div class=\"modal-content\">\r\n                <div class=\"modal-header\"><button type=\"button\" class=\"close\" data-dismiss=\"modal\" aria-label=\"Close\"><span aria-hidden=\"true\">&times;<\/span><\/button><\/div>\r\n                  <div class=\"trainer-quick-data\" >\r\n                    <div class=\"col-xs-12 col-sm-4 quick-data-left\">\r\n                        <img width=\"354\" height=\"419\" src=\"https:\/\/www.escueladerespiracion.com\/wp-content\/uploads\/Agustin_new.jpg\" class=\"attachment-post-thumbnail size-post-thumbnail wp-post-image\" alt=\"\" loading=\"lazy\" \/>                        <div class=\"quick-data-social\">\r\n                            <div class=\"trainermembers-social\">\r\n                                <div class=\"icon-link full-icon\">\r\n                                    <ul>\r\n                                                                                                                                                                                                                                                    <li class=\"yolo_teammember_linkedin\"><a href=\"#\"><i class=\"fa fa-linkedin\" aria-hidden=\"true\"><\/i><\/a><\/li>\r\n                                                                                                                                                                                                    <\/ul>\r\n                                <\/div>\r\n                            <\/div>\r\n                        <\/div>\r\n                        <div class=\"sign-text\"><\/div>\r\n                    <\/div>\r\n                    <div class=\"col-xs-12 col-sm-8 quick-data-right\">\r\n                        <div class=\"quick-data-right-header\">\r\n                            <div class=\"quick-data-right-header-title\">\r\n                                <div class=\"title-left\"><a href=\"https:\/\/www.escueladerespiracion.com\/trainer\/agustin\/\">Agust\u00edn<\/a><\/div>\r\n                                <div class=\"title-right\"><a href=\"https:\/\/www.escueladerespiracion.com\/trainer\/agustin\/\"><i class=\"fa fa-arrow-circle-o-right\" aria-hidden=\"true\"><\/i> View Classes<\/a><\/div>\r\n                            <\/div>\r\n                        <\/div>\r\n                        <div class=\"quick-data-right-header-cat\">\r\n                                                                        <\/div>\r\n                        <div class=\"quick-data-right-content\">\r\n                                                        <div class=\"row quick-data-right-content-detail\">\r\n                                <div class=\"col-xs-3 content-title\">Puesto<\/div>\r\n                                <div class=\"col-xs-9 content-text\">Docente \/ Formador<\/div>\r\n                            <\/div>\r\n                                                                                                    <div class=\"row quick-data-right-content-detail\">\r\n                                <div class=\"col-xs-3 content-title\">Email<\/div>\r\n                                <div class=\"col-xs-9 content-text\">escueladerespiracion@gmail.com<\/div>\r\n                            <\/div>\r\n                                                                            <div class=\"row quick-data-right-content-detail\">\r\n                                <div class=\"col-xs-3 content-title\">Biograf\u00eda<\/div>\r\n                                <div class=\"col-xs-9 content-text\">Naci\u00f3 y vivi\u00f3 en Caracas, Venezuela, hasta 1968 cuando sus padres, emigrantes canarios, decidieron regresar a Tenerife donde ha vivido desde entonces.\r\n\r\nLicenciado en Filolog\u00eda Inglesa por la Universidad de La Laguna (Tenerife), ha trabajado en la ense\u00f1anza p\u00fablica desde 1984. Desde entonces ha continuado ampliando su formaci\u00f3n en diferentes aspectos de la metodolog\u00eda de la ense\u00f1anza de lenguas extranjeras y ha participado en varios programas internacionales de intercambio escolar dentro de diferentes programas de la Uni\u00f3n Europea. Debido a su inquietud por mejorar el clima de convivencia en el aula y apoyar a sus alumnos en su desarrollo global como individuos, ha hecho cursos de mediaci\u00f3n y resoluci\u00f3n de conflictos, competencia social y habilidades sociales.\r\n\r\nEn el a\u00f1o 1998, despu\u00e9s de atravesar una importante crisis personal, hizo el Camino de Santiago y partir de ah\u00ed, debido a su gran curiosidad, inici\u00f3 una nueva andadura que le llev\u00f3 a explorar el mundo del desarrollo personal. En el a\u00f1o 2000 asisti\u00f3 por primera vez a un seminario de Rebirthing impartido por Natividad Jim\u00e9nez, quien a partir de ese momento se convirti\u00f3 en su maestra y amiga. Despu\u00e9s de participar en numerosos talleres sobre tem\u00e1tica diversa hizo la formaci\u00f3n como renacedor en la primera promoci\u00f3n de la Escuela Canaria de Respiraci\u00f3n (2002-2003) dirigida por Natividad Jim\u00e9nez y ha sido tutor y coordinador de tutores en las dos siguientes formaciones respectivamente.\r\n\r\nEn el 2004 y el 2005 se inici\u00f3 en los dos primeros niveles de Reiki  (Usui System of Natural Healing) de la mano del maestro Guillermo Tello. Desde entonces practica esta disciplina que siente que se integra perfectamente con la del Rebirthing en su vida diaria.\r\n\r\nEntre 2007 y 2009 atraves\u00f3 unos graves problemas de salud de los que asegura haber sobrevivido, tanto f\u00edsica como mentalmente, gracias a la pr\u00e1ctica de la respiraci\u00f3n, al trabajo con sus pensamientos y al Reiki. Fue durante esa \u00e9poca cuando empez\u00f3 a tomar seminarios con Bob Mandel, uno de los m\u00e1s reconocidos l\u00edderes actuales del Rebirthing y del desarrollo personal, en Girona y Barcelona. En agosto de 2010 particip\u00f3 en un programa de desarrollo personal y entrenamiento profesional de autoestima y respiraci\u00f3n en agua impartido por Bob en Connecticut (EEUU) que lo acredita como facilitador del Programa Internacional de Autoestima. Desde entonces ha formado parte de los equipos de los seminarios que Bob ha impartido en Tenerife.\r\n\r\nHa trabajado tambi\u00e9n con otros renacedores reconocidos como Silvia Jastram, Mar\u00eda Luisa Becerra, Manuel Rodr\u00edguez y Manuel Atienza. Es miembro del Colectivo de Renacedores de Canarias y de IBF (International Brathwork Foundation).\r\n\r\nActualmente se siente muy atra\u00eddo por el tema del liderazgo. En agosto de 2013 hizo un curso sobre Liderazgo Horizontal en Girona, un concepto innovador que le interesa para aplicarlo en el trabajo de equipos.\r\n\r\nA  Agust\u00edn le gusta much\u00edsimo viajar y el contacto con la naturaleza. Disfruta mucho de la m\u00fasica, del baile,  de la pintura y de las artes en general. Afirma que le gustar\u00eda contribuir, por medio de su trabajo y de las cosas que le gustan y le apasionan, a crear espacios de seguridad donde las personas puedan desarrollar de manera consciente su m\u00e1ximo potencial, para que vivan felices y contribuyan al cuidado y a la conservaci\u00f3n de nuestro planeta y de todas las criaturas que en \u00e9l habitan.\r\n\r\nEn la actualidad da sesiones individuales de Renacimiento e imparte cursos a trav\u00e9s de la Escuela Canaria de Respiraci\u00f3n. Es el coordinador, para la Escuela, del programa anual de Autoestima.<\/div>\r\n                            <\/div>\r\n                                                                        <\/div>\r\n                    <\/div>\r\n                <\/div>\r\n                <\/div>\r\n              <\/div>\r\n            <\/div>\r\n        <\/div>\r\n    <\/div>\r\n<script>\r\njQuery(document).ready(function($){\r\n    $(document).on('click', '.trainermembers-image', function(){\r\n        $(this).parent().find('.bs-trainer-modal-lg').modal('show');\r\n    });\r\n});\r\n<\/script>            <\/div>\r\n            [\/vc_column_inner][vc_column_inner width=&#8221;1\/3&#8243;]            <div class = \" \" >\r\n                <div id=\"yolo-trainermembers-69f0d282b608c\" class=\"yolo-trainermembers\">\r\n    <\/div>\r\n<script>\r\njQuery(document).ready(function($){\r\n    $(document).on('click', '.trainermembers-image', function(){\r\n        $(this).parent().find('.bs-trainer-modal-lg').modal('show');\r\n    });\r\n});\r\n<\/script>            <\/div>\r\n            [\/vc_column_inner][\/vc_row_inner][vc_custom_heading text=&#8221;Colaboradores&#8221; font_container=&#8221;tag:h2|font_size:40px|text_align:center|color:%234858e2&#8243; use_theme_fonts=&#8221;yes&#8221; css=&#8221;.vc_custom_1533642903882{margin-top: 0px !important;margin-bottom: 0px !important;}&#8221;][vc_empty_space height=&#8221;42px&#8221;][vc_row_inner el_class=&#8221;oculta_social&#8221;][vc_column_inner width=&#8221;1\/6&#8243;]            <div class = \" \" >\r\n                <div id=\"yolo-trainermembers-69f0d282b63f9\" class=\"yolo-trainermembers\">\r\n            <div class=\"trainermembers-image\">\r\n            <img width=\"197\" height=\"199\" src=\"https:\/\/www.escueladerespiracion.com\/wp-content\/uploads\/Montse-Ruiz.jpg\" class=\"attachment-post-thumbnail size-post-thumbnail wp-post-image\" alt=\"Montse Ru\u00edz\" loading=\"lazy\" \/>            <div class=\"trainer-hover-img\"><\/div>\r\n        <\/div>\r\n        <div class=\"trainermembers-info\">\r\n            <div class=\"trainermembers-social\">\r\n                <div class=\"icon-link\">\r\n                    <div class=\"social-show\">\r\n                        <ul>\r\n                                                                                                                                                                            <li class=\"yolo_teammember_linkedin\"><a href=\"#\"><i class=\"fa fa-linkedin\" aria-hidden=\"true\"><\/i><\/a><\/li>\r\n                                                                                                                                        <\/ul>\r\n                    <\/div>\r\n                <\/div>\r\n            <\/div>\r\n            <div class=\"trainermembers-name\"><a href=\"https:\/\/www.escueladerespiracion.com\/trainer\/montse\/\">Montse<\/a><\/div>\r\n            <div class=\"trainermembers-position\">Docente \/ Formadora<\/div>\r\n            <!-- Large modal -->\r\n            <div class=\"modal fade bs-trainer-modal-lg\" tabindex=\"-1\" role=\"dialog\" >\r\n              <div class=\"modal-dialog modal-lg\" role=\"document\">\r\n                <div class=\"modal-content\">\r\n                <div class=\"modal-header\"><button type=\"button\" class=\"close\" data-dismiss=\"modal\" aria-label=\"Close\"><span aria-hidden=\"true\">&times;<\/span><\/button><\/div>\r\n                  <div class=\"trainer-quick-data\" >\r\n                    <div class=\"col-xs-12 col-sm-4 quick-data-left\">\r\n                        <img width=\"197\" height=\"199\" src=\"https:\/\/www.escueladerespiracion.com\/wp-content\/uploads\/Montse-Ruiz.jpg\" class=\"attachment-post-thumbnail size-post-thumbnail wp-post-image\" alt=\"Montse Ru\u00edz\" loading=\"lazy\" \/>                        <div class=\"quick-data-social\">\r\n                            <div class=\"trainermembers-social\">\r\n                                <div class=\"icon-link full-icon\">\r\n                                    <ul>\r\n                                                                                                                                                                                                                                                    <li class=\"yolo_teammember_linkedin\"><a href=\"#\"><i class=\"fa fa-linkedin\" aria-hidden=\"true\"><\/i><\/a><\/li>\r\n                                                                                                                                                                                                    <\/ul>\r\n                                <\/div>\r\n                            <\/div>\r\n                        <\/div>\r\n                        <div class=\"sign-text\"><\/div>\r\n                    <\/div>\r\n                    <div class=\"col-xs-12 col-sm-8 quick-data-right\">\r\n                        <div class=\"quick-data-right-header\">\r\n                            <div class=\"quick-data-right-header-title\">\r\n                                <div class=\"title-left\"><a href=\"https:\/\/www.escueladerespiracion.com\/trainer\/montse\/\">Montse<\/a><\/div>\r\n                                <div class=\"title-right\"><a href=\"https:\/\/www.escueladerespiracion.com\/trainer\/montse\/\"><i class=\"fa fa-arrow-circle-o-right\" aria-hidden=\"true\"><\/i> View Classes<\/a><\/div>\r\n                            <\/div>\r\n                        <\/div>\r\n                        <div class=\"quick-data-right-header-cat\">\r\n                                                                        <\/div>\r\n                        <div class=\"quick-data-right-content\">\r\n                                                        <div class=\"row quick-data-right-content-detail\">\r\n                                <div class=\"col-xs-3 content-title\">Puesto<\/div>\r\n                                <div class=\"col-xs-9 content-text\">Docente \/ Formadora<\/div>\r\n                            <\/div>\r\n                                                                                                    <div class=\"row quick-data-right-content-detail\">\r\n                                <div class=\"col-xs-3 content-title\">Email<\/div>\r\n                                <div class=\"col-xs-9 content-text\">escueladerespiracion@gmail.com<\/div>\r\n                            <\/div>\r\n                                                                            <div class=\"row quick-data-right-content-detail\">\r\n                                <div class=\"col-xs-3 content-title\">Biograf\u00eda<\/div>\r\n                                <div class=\"col-xs-9 content-text\">Parte de su recorrido vital se ha construido en el \u00e1mbito de la creaci\u00f3n y del desarrollo humano. Ha cursado estudios de Arte y Dise\u00f1o en Barcelona, Madrid y Las Palmas de Gran Canaria, ha ejercido como artista creando espacios conscientes y obras que invitaban a reflexionar sobre el arte y la vida y la relaci\u00f3n entre poes\u00eda, naturaleza y pensamiento. Ha participado en varias exposiciones de alto nivel. Exploradora entusiasta de los territorios y posibilidades del ser humano. Renacedora titulada en ADM, Madrid, y en la Escuela Canaria de Respiraci\u00f3n. Profesora de danza integradora, incluye en su trabajo terapia energ\u00e9tica. Actualmente ejerce profesionalmente como Creativa Gr\u00e1fica especializada en proyectos editoriales y como Renacedora, impartiendo sesiones individuales y de grupo. Organiza crea e imparte talleres potenciadores de bienestar, creatividad y conciencia.\r\nSu contribuci\u00f3n a lo largo de los a\u00f1os ha sido inestimable para la creaci\u00f3n y posterior desarrollo de la Escuela Canaria de Respiraci\u00f3n<\/div>\r\n                            <\/div>\r\n                                                                        <\/div>\r\n                    <\/div>\r\n                <\/div>\r\n                <\/div>\r\n              <\/div>\r\n            <\/div>\r\n        <\/div>\r\n    <\/div>\r\n<script>\r\njQuery(document).ready(function($){\r\n    $(document).on('click', '.trainermembers-image', function(){\r\n        $(this).parent().find('.bs-trainer-modal-lg').modal('show');\r\n    });\r\n});\r\n<\/script>            <\/div>\r\n            [\/vc_column_inner][vc_column_inner width=&#8221;1\/6&#8243;]            <div class = \" \" >\r\n                <div id=\"yolo-trainermembers-69f0d282b7596\" class=\"yolo-trainermembers\">\r\n            <div class=\"trainermembers-image\">\r\n            <img width=\"197\" height=\"197\" src=\"https:\/\/www.escueladerespiracion.com\/wp-content\/uploads\/Mayerling-Perluzzo.jpg\" class=\"attachment-post-thumbnail size-post-thumbnail wp-post-image\" alt=\"Mayerling Perluzzo\" loading=\"lazy\" srcset=\"https:\/\/www.escueladerespiracion.com\/wp-content\/uploads\/Mayerling-Perluzzo.jpg 197w, https:\/\/www.escueladerespiracion.com\/wp-content\/uploads\/Mayerling-Perluzzo-150x150.jpg 150w\" sizes=\"(max-width: 197px) 100vw, 197px\" \/>            <div class=\"trainer-hover-img\"><\/div>\r\n        <\/div>\r\n        <div class=\"trainermembers-info\">\r\n            <div class=\"trainermembers-social\">\r\n                <div class=\"icon-link\">\r\n                    <div class=\"social-show\">\r\n                        <ul>\r\n                                                                                                                                                                            <li class=\"yolo_teammember_linkedin\"><a href=\"#\"><i class=\"fa fa-linkedin\" aria-hidden=\"true\"><\/i><\/a><\/li>\r\n                                                                                                                                        <\/ul>\r\n                    <\/div>\r\n                <\/div>\r\n            <\/div>\r\n            <div class=\"trainermembers-name\"><a href=\"https:\/\/www.escueladerespiracion.com\/trainer\/mayerling\/\">Mayerling<\/a><\/div>\r\n            <div class=\"trainermembers-position\">Docente \/ Formadora<\/div>\r\n            <!-- Large modal -->\r\n            <div class=\"modal fade bs-trainer-modal-lg\" tabindex=\"-1\" role=\"dialog\" >\r\n              <div class=\"modal-dialog modal-lg\" role=\"document\">\r\n                <div class=\"modal-content\">\r\n                <div class=\"modal-header\"><button type=\"button\" class=\"close\" data-dismiss=\"modal\" aria-label=\"Close\"><span aria-hidden=\"true\">&times;<\/span><\/button><\/div>\r\n                  <div class=\"trainer-quick-data\" >\r\n                    <div class=\"col-xs-12 col-sm-4 quick-data-left\">\r\n                        <img width=\"197\" height=\"197\" src=\"https:\/\/www.escueladerespiracion.com\/wp-content\/uploads\/Mayerling-Perluzzo.jpg\" class=\"attachment-post-thumbnail size-post-thumbnail wp-post-image\" alt=\"Mayerling Perluzzo\" loading=\"lazy\" srcset=\"https:\/\/www.escueladerespiracion.com\/wp-content\/uploads\/Mayerling-Perluzzo.jpg 197w, https:\/\/www.escueladerespiracion.com\/wp-content\/uploads\/Mayerling-Perluzzo-150x150.jpg 150w\" sizes=\"(max-width: 197px) 100vw, 197px\" \/>                        <div class=\"quick-data-social\">\r\n                            <div class=\"trainermembers-social\">\r\n                                <div class=\"icon-link full-icon\">\r\n                                    <ul>\r\n                                                                                                                                                                                                                                                    <li class=\"yolo_teammember_linkedin\"><a href=\"#\"><i class=\"fa fa-linkedin\" aria-hidden=\"true\"><\/i><\/a><\/li>\r\n                                                                                                                                                                                                    <\/ul>\r\n                                <\/div>\r\n                            <\/div>\r\n                        <\/div>\r\n                        <div class=\"sign-text\"><\/div>\r\n                    <\/div>\r\n                    <div class=\"col-xs-12 col-sm-8 quick-data-right\">\r\n                        <div class=\"quick-data-right-header\">\r\n                            <div class=\"quick-data-right-header-title\">\r\n                                <div class=\"title-left\"><a href=\"https:\/\/www.escueladerespiracion.com\/trainer\/mayerling\/\">Mayerling<\/a><\/div>\r\n                                <div class=\"title-right\"><a href=\"https:\/\/www.escueladerespiracion.com\/trainer\/mayerling\/\"><i class=\"fa fa-arrow-circle-o-right\" aria-hidden=\"true\"><\/i> View Classes<\/a><\/div>\r\n                            <\/div>\r\n                        <\/div>\r\n                        <div class=\"quick-data-right-header-cat\">\r\n                                                                        <\/div>\r\n                        <div class=\"quick-data-right-content\">\r\n                                                        <div class=\"row quick-data-right-content-detail\">\r\n                                <div class=\"col-xs-3 content-title\">Puesto<\/div>\r\n                                <div class=\"col-xs-9 content-text\">Docente \/ Formadora<\/div>\r\n                            <\/div>\r\n                                                                                                    <div class=\"row quick-data-right-content-detail\">\r\n                                <div class=\"col-xs-3 content-title\">Email<\/div>\r\n                                <div class=\"col-xs-9 content-text\">escueladerespiracion@gmail.com<\/div>\r\n                            <\/div>\r\n                                                                            <div class=\"row quick-data-right-content-detail\">\r\n                                <div class=\"col-xs-3 content-title\">Biograf\u00eda<\/div>\r\n                                <div class=\"col-xs-9 content-text\">Estudia Psicolog\u00eda durante tres a\u00f1os, y luego lo cambia hasta formarse como Licenciada en Educaci\u00f3n Especialista en Matem\u00e1ticas.\r\nSiente un importante inter\u00e9s en el Mundo espiritual y del desarrollo Humano y desde el colegio ya lideraba grupos Juveniles y realizaba diversas actividades human\u00edsticas.\r\nRealiza la primera formaci\u00f3n de Rebirthing de la mano de Silvia Jastram, su primera renacedora y maestra e inmediatamente empieza a organizar para ella diversos grupos y seminarios.\r\nA continuaci\u00f3n realiaza una segunda Formaci\u00f3n en la Escuela Canaria de Respiraci\u00f3n y, junto a Adelina Alfaro, una de sus compa\u00f1eras y amigas de esta formaci\u00f3n, planifica un Curso Anual de Desarrollo Personal llamado \u201cViaje del Alma\u201d que editan varias veces en Tenerife y Las Palmas\r\nAdem\u00e1s combina sus actividades de madre y esposa, con ser empresaria, dar sesiones y clases a mujeres embarazadas.<\/div>\r\n                            <\/div>\r\n                                                                        <\/div>\r\n                    <\/div>\r\n                <\/div>\r\n                <\/div>\r\n              <\/div>\r\n            <\/div>\r\n        <\/div>\r\n    <\/div>\r\n<script>\r\njQuery(document).ready(function($){\r\n    $(document).on('click', '.trainermembers-image', function(){\r\n        $(this).parent().find('.bs-trainer-modal-lg').modal('show');\r\n    });\r\n});\r\n<\/script>            <\/div>\r\n            [\/vc_column_inner][vc_column_inner width=&#8221;1\/6&#8243;]            <div class = \" \" >\r\n                <div id=\"yolo-trainermembers-69f0d282b86c9\" class=\"yolo-trainermembers\">\r\n            <div class=\"trainermembers-image\">\r\n            <img width=\"197\" height=\"199\" src=\"https:\/\/www.escueladerespiracion.com\/wp-content\/uploads\/JoseAlberto-GonzalezFajardo.jpg\" class=\"attachment-post-thumbnail size-post-thumbnail wp-post-image\" alt=\"Manuel Rodr\u00edguez Alejandre\" loading=\"lazy\" \/>            <div class=\"trainer-hover-img\"><\/div>\r\n        <\/div>\r\n        <div class=\"trainermembers-info\">\r\n            <div class=\"trainermembers-social\">\r\n                <div class=\"icon-link\">\r\n                    <div class=\"social-show\">\r\n                        <ul>\r\n                                                                                                                                                                            <li class=\"yolo_teammember_linkedin\"><a href=\"#\"><i class=\"fa fa-linkedin\" aria-hidden=\"true\"><\/i><\/a><\/li>\r\n                                                                                                                                        <\/ul>\r\n                    <\/div>\r\n                <\/div>\r\n            <\/div>\r\n            <div class=\"trainermembers-name\"><a href=\"https:\/\/www.escueladerespiracion.com\/trainer\/jose-alberto\/\">Jos\u00e9 Alberto<\/a><\/div>\r\n            <div class=\"trainermembers-position\">Docente \/ Formador<\/div>\r\n            <!-- Large modal -->\r\n            <div class=\"modal fade bs-trainer-modal-lg\" tabindex=\"-1\" role=\"dialog\" >\r\n              <div class=\"modal-dialog modal-lg\" role=\"document\">\r\n                <div class=\"modal-content\">\r\n                <div class=\"modal-header\"><button type=\"button\" class=\"close\" data-dismiss=\"modal\" aria-label=\"Close\"><span aria-hidden=\"true\">&times;<\/span><\/button><\/div>\r\n                  <div class=\"trainer-quick-data\" >\r\n                    <div class=\"col-xs-12 col-sm-4 quick-data-left\">\r\n                        <img width=\"197\" height=\"199\" src=\"https:\/\/www.escueladerespiracion.com\/wp-content\/uploads\/JoseAlberto-GonzalezFajardo.jpg\" class=\"attachment-post-thumbnail size-post-thumbnail wp-post-image\" alt=\"Manuel Rodr\u00edguez Alejandre\" loading=\"lazy\" \/>                        <div class=\"quick-data-social\">\r\n                            <div class=\"trainermembers-social\">\r\n                                <div class=\"icon-link full-icon\">\r\n                                    <ul>\r\n                                                                                                                                                                                                                                                    <li class=\"yolo_teammember_linkedin\"><a href=\"#\"><i class=\"fa fa-linkedin\" aria-hidden=\"true\"><\/i><\/a><\/li>\r\n                                                                                                                                                                                                    <\/ul>\r\n                                <\/div>\r\n                            <\/div>\r\n                        <\/div>\r\n                        <div class=\"sign-text\"><\/div>\r\n                    <\/div>\r\n                    <div class=\"col-xs-12 col-sm-8 quick-data-right\">\r\n                        <div class=\"quick-data-right-header\">\r\n                            <div class=\"quick-data-right-header-title\">\r\n                                <div class=\"title-left\"><a href=\"https:\/\/www.escueladerespiracion.com\/trainer\/jose-alberto\/\">Jos\u00e9 Alberto<\/a><\/div>\r\n                                <div class=\"title-right\"><a href=\"https:\/\/www.escueladerespiracion.com\/trainer\/jose-alberto\/\"><i class=\"fa fa-arrow-circle-o-right\" aria-hidden=\"true\"><\/i> View Classes<\/a><\/div>\r\n                            <\/div>\r\n                        <\/div>\r\n                        <div class=\"quick-data-right-header-cat\">\r\n                                                                        <\/div>\r\n                        <div class=\"quick-data-right-content\">\r\n                                                        <div class=\"row quick-data-right-content-detail\">\r\n                                <div class=\"col-xs-3 content-title\">Puesto<\/div>\r\n                                <div class=\"col-xs-9 content-text\">Docente \/ Formador<\/div>\r\n                            <\/div>\r\n                                                                                                    <div class=\"row quick-data-right-content-detail\">\r\n                                <div class=\"col-xs-3 content-title\">Email<\/div>\r\n                                <div class=\"col-xs-9 content-text\">escueladerespiracion@gmail.com<\/div>\r\n                            <\/div>\r\n                                                                            <div class=\"row quick-data-right-content-detail\">\r\n                                <div class=\"col-xs-3 content-title\">Biograf\u00eda<\/div>\r\n                                <div class=\"col-xs-9 content-text\">Licenciado en Medicina y Cirug\u00eda General. Especialista en Medicina Familiar y Comunitaria. Master Universitario en Homeopat\u00eda. Renacedor por la Escuela Canaria de Respiraci\u00f3n.  Ejerce  en el Servicio Canario de Salud en el \u00e1rea de la Pediatr\u00eda.\r\nEn la Escuela es el especialista en anatom\u00eda y fisiolog\u00eda de la Respiraci\u00f3n.<\/div>\r\n                            <\/div>\r\n                                                                        <\/div>\r\n                    <\/div>\r\n                <\/div>\r\n                <\/div>\r\n              <\/div>\r\n            <\/div>\r\n        <\/div>\r\n    <\/div>\r\n<script>\r\njQuery(document).ready(function($){\r\n    $(document).on('click', '.trainermembers-image', function(){\r\n        $(this).parent().find('.bs-trainer-modal-lg').modal('show');\r\n    });\r\n});\r\n<\/script>            <\/div>\r\n            [\/vc_column_inner][vc_column_inner width=&#8221;1\/6&#8243;]            <div class = \" \" >\r\n                <div id=\"yolo-trainermembers-69f0d282b96cc\" class=\"yolo-trainermembers\">\r\n            <div class=\"trainermembers-image\">\r\n            <img width=\"197\" height=\"199\" src=\"https:\/\/www.escueladerespiracion.com\/wp-content\/uploads\/Roma-Spring-1.jpg\" class=\"attachment-post-thumbnail size-post-thumbnail wp-post-image\" alt=\"Roma Spring\" loading=\"lazy\" \/>            <div class=\"trainer-hover-img\"><\/div>\r\n        <\/div>\r\n        <div class=\"trainermembers-info\">\r\n            <div class=\"trainermembers-social\">\r\n                <div class=\"icon-link\">\r\n                    <div class=\"social-show\">\r\n                        <ul>\r\n                                                                                                                                                                            <li class=\"yolo_teammember_linkedin\"><a href=\"#\"><i class=\"fa fa-linkedin\" aria-hidden=\"true\"><\/i><\/a><\/li>\r\n                                                                                                                                        <\/ul>\r\n                    <\/div>\r\n                <\/div>\r\n            <\/div>\r\n            <div class=\"trainermembers-name\"><a href=\"https:\/\/www.escueladerespiracion.com\/trainer\/roma\/\">Roma<\/a><\/div>\r\n            <div class=\"trainermembers-position\">Docente \/ Formadora<\/div>\r\n            <!-- Large modal -->\r\n            <div class=\"modal fade bs-trainer-modal-lg\" tabindex=\"-1\" role=\"dialog\" >\r\n              <div class=\"modal-dialog modal-lg\" role=\"document\">\r\n                <div class=\"modal-content\">\r\n                <div class=\"modal-header\"><button type=\"button\" class=\"close\" data-dismiss=\"modal\" aria-label=\"Close\"><span aria-hidden=\"true\">&times;<\/span><\/button><\/div>\r\n                  <div class=\"trainer-quick-data\" >\r\n                    <div class=\"col-xs-12 col-sm-4 quick-data-left\">\r\n                        <img width=\"197\" height=\"199\" src=\"https:\/\/www.escueladerespiracion.com\/wp-content\/uploads\/Roma-Spring-1.jpg\" class=\"attachment-post-thumbnail size-post-thumbnail wp-post-image\" alt=\"Roma Spring\" loading=\"lazy\" \/>                        <div class=\"quick-data-social\">\r\n                            <div class=\"trainermembers-social\">\r\n                                <div class=\"icon-link full-icon\">\r\n                                    <ul>\r\n                                                                                                                                                                                                                                                    <li class=\"yolo_teammember_linkedin\"><a href=\"#\"><i class=\"fa fa-linkedin\" aria-hidden=\"true\"><\/i><\/a><\/li>\r\n                                                                                                                                                                                                    <\/ul>\r\n                                <\/div>\r\n                            <\/div>\r\n                        <\/div>\r\n                        <div class=\"sign-text\"><\/div>\r\n                    <\/div>\r\n                    <div class=\"col-xs-12 col-sm-8 quick-data-right\">\r\n                        <div class=\"quick-data-right-header\">\r\n                            <div class=\"quick-data-right-header-title\">\r\n                                <div class=\"title-left\"><a href=\"https:\/\/www.escueladerespiracion.com\/trainer\/roma\/\">Roma<\/a><\/div>\r\n                                <div class=\"title-right\"><a href=\"https:\/\/www.escueladerespiracion.com\/trainer\/roma\/\"><i class=\"fa fa-arrow-circle-o-right\" aria-hidden=\"true\"><\/i> View Classes<\/a><\/div>\r\n                            <\/div>\r\n                        <\/div>\r\n                        <div class=\"quick-data-right-header-cat\">\r\n                                                                        <\/div>\r\n                        <div class=\"quick-data-right-content\">\r\n                                                        <div class=\"row quick-data-right-content-detail\">\r\n                                <div class=\"col-xs-3 content-title\">Puesto<\/div>\r\n                                <div class=\"col-xs-9 content-text\">Docente \/ Formadora<\/div>\r\n                            <\/div>\r\n                                                                                                    <div class=\"row quick-data-right-content-detail\">\r\n                                <div class=\"col-xs-3 content-title\">Email<\/div>\r\n                                <div class=\"col-xs-9 content-text\">escueladerespiracion@gmail.com<\/div>\r\n                            <\/div>\r\n                                                                            <div class=\"row quick-data-right-content-detail\">\r\n                                <div class=\"col-xs-3 content-title\">Biograf\u00eda<\/div>\r\n                                <div class=\"col-xs-9 content-text\">Matrona y enfermera pionera en nacimientos en el agua, renacedora. Lider de grupos y profesional supervisora de grupos en H.D.R.P. (Human-Dolphin-Research-Project).En la Escuela es la especialista del tema del nacimiento y su influencia en la vidad de las personas.<\/div>\r\n                            <\/div>\r\n                                                                        <\/div>\r\n                    <\/div>\r\n                <\/div>\r\n                <\/div>\r\n              <\/div>\r\n            <\/div>\r\n        <\/div>\r\n    <\/div>\r\n<script>\r\njQuery(document).ready(function($){\r\n    $(document).on('click', '.trainermembers-image', function(){\r\n        $(this).parent().find('.bs-trainer-modal-lg').modal('show');\r\n    });\r\n});\r\n<\/script>            <\/div>\r\n            [\/vc_column_inner][vc_column_inner width=&#8221;1\/6&#8243;]            <div class = \" \" >\r\n                <div id=\"yolo-trainermembers-69f0d282ba957\" class=\"yolo-trainermembers\">\r\n            <div class=\"trainermembers-image\">\r\n            <img width=\"197\" height=\"199\" src=\"https:\/\/www.escueladerespiracion.com\/wp-content\/uploads\/Volker-JPG-e1531835763846.jpg\" class=\"attachment-post-thumbnail size-post-thumbnail wp-post-image\" alt=\"\" loading=\"lazy\" \/>            <div class=\"trainer-hover-img\"><\/div>\r\n        <\/div>\r\n        <div class=\"trainermembers-info\">\r\n            <div class=\"trainermembers-social\">\r\n                <div class=\"icon-link\">\r\n                    <div class=\"social-show\">\r\n                        <ul>\r\n                                                                                                                                                                                                                                                        <\/ul>\r\n                    <\/div>\r\n                <\/div>\r\n            <\/div>\r\n            <div class=\"trainermembers-name\"><a href=\"https:\/\/www.escueladerespiracion.com\/trainer\/volker\/\">Volker<\/a><\/div>\r\n            <div class=\"trainermembers-position\">Docente \/ Formador<\/div>\r\n            <!-- Large modal -->\r\n            <div class=\"modal fade bs-trainer-modal-lg\" tabindex=\"-1\" role=\"dialog\" >\r\n              <div class=\"modal-dialog modal-lg\" role=\"document\">\r\n                <div class=\"modal-content\">\r\n                <div class=\"modal-header\"><button type=\"button\" class=\"close\" data-dismiss=\"modal\" aria-label=\"Close\"><span aria-hidden=\"true\">&times;<\/span><\/button><\/div>\r\n                  <div class=\"trainer-quick-data\" >\r\n                    <div class=\"col-xs-12 col-sm-4 quick-data-left\">\r\n                        <img width=\"197\" height=\"199\" src=\"https:\/\/www.escueladerespiracion.com\/wp-content\/uploads\/Volker-JPG-e1531835763846.jpg\" class=\"attachment-post-thumbnail size-post-thumbnail wp-post-image\" alt=\"\" loading=\"lazy\" \/>                        <div class=\"quick-data-social\">\r\n                            <div class=\"trainermembers-social\">\r\n                                <div class=\"icon-link full-icon\">\r\n                                    <ul>\r\n                                                                                                                                                                                                                                                                                                                                                                    <\/ul>\r\n                                <\/div>\r\n                            <\/div>\r\n                        <\/div>\r\n                        <div class=\"sign-text\"><\/div>\r\n                    <\/div>\r\n                    <div class=\"col-xs-12 col-sm-8 quick-data-right\">\r\n                        <div class=\"quick-data-right-header\">\r\n                            <div class=\"quick-data-right-header-title\">\r\n                                <div class=\"title-left\"><a href=\"https:\/\/www.escueladerespiracion.com\/trainer\/volker\/\">Volker<\/a><\/div>\r\n                                <div class=\"title-right\"><a href=\"https:\/\/www.escueladerespiracion.com\/trainer\/volker\/\"><i class=\"fa fa-arrow-circle-o-right\" aria-hidden=\"true\"><\/i> View Classes<\/a><\/div>\r\n                            <\/div>\r\n                        <\/div>\r\n                        <div class=\"quick-data-right-header-cat\">\r\n                                                                        <\/div>\r\n                        <div class=\"quick-data-right-content\">\r\n                                                        <div class=\"row quick-data-right-content-detail\">\r\n                                <div class=\"col-xs-3 content-title\">Puesto<\/div>\r\n                                <div class=\"col-xs-9 content-text\">Docente \/ Formador<\/div>\r\n                            <\/div>\r\n                                                                                                    <div class=\"row quick-data-right-content-detail\">\r\n                                <div class=\"col-xs-3 content-title\">Email<\/div>\r\n                                <div class=\"col-xs-9 content-text\">escueladerespiracion@gmail.com<\/div>\r\n                            <\/div>\r\n                                                                            <div class=\"row quick-data-right-content-detail\">\r\n                                <div class=\"col-xs-3 content-title\">Biograf\u00eda<\/div>\r\n                                <div class=\"col-xs-9 content-text\">Psic\u00f3logo educacional y profesor en distintas Facultades en Alemania. Capit\u00e1n de embarcaciones comerciales, renacedor y psicoterapeuta. Cient\u00edfico coordinador de H.D.R.P.\r\n\r\nJunto con Roma, su pareja por m\u00e1s de veinte a\u00f1os, apoya a las parejas a crear relaciones basadas en la igualdad, el respeto y el amor y apoyo mutuos. Son un ejemplo a seguir.<\/div>\r\n                            <\/div>\r\n                                                                        <\/div>\r\n                    <\/div>\r\n                <\/div>\r\n                <\/div>\r\n              <\/div>\r\n            <\/div>\r\n        <\/div>\r\n    <\/div>\r\n<script>\r\njQuery(document).ready(function($){\r\n    $(document).on('click', '.trainermembers-image', function(){\r\n        $(this).parent().find('.bs-trainer-modal-lg').modal('show');\r\n    });\r\n});\r\n<\/script>            <\/div>\r\n            [\/vc_column_inner][vc_column_inner width=&#8221;1\/6&#8243;]            <div class = \" \" >\r\n                <div id=\"yolo-trainermembers-69f0d282bba77\" class=\"yolo-trainermembers\">\r\n            <div class=\"trainermembers-image\">\r\n            <img width=\"197\" height=\"198\" src=\"https:\/\/www.escueladerespiracion.com\/wp-content\/uploads\/Manuel-Rodrig-Alejandre.jpg\" class=\"attachment-post-thumbnail size-post-thumbnail wp-post-image\" alt=\"Manuel Rodr\u00edguez Alejandre\" loading=\"lazy\" srcset=\"https:\/\/www.escueladerespiracion.com\/wp-content\/uploads\/Manuel-Rodrig-Alejandre.jpg 197w, https:\/\/www.escueladerespiracion.com\/wp-content\/uploads\/Manuel-Rodrig-Alejandre-150x150.jpg 150w\" sizes=\"(max-width: 197px) 100vw, 197px\" \/>            <div class=\"trainer-hover-img\"><\/div>\r\n        <\/div>\r\n        <div class=\"trainermembers-info\">\r\n            <div class=\"trainermembers-social\">\r\n                <div class=\"icon-link\">\r\n                    <div class=\"social-show\">\r\n                        <ul>\r\n                                                                                                                                                                            <li class=\"yolo_teammember_linkedin\"><a href=\"#\"><i class=\"fa fa-linkedin\" aria-hidden=\"true\"><\/i><\/a><\/li>\r\n                                                                                                                                        <\/ul>\r\n                    <\/div>\r\n                <\/div>\r\n            <\/div>\r\n            <div class=\"trainermembers-name\"><a href=\"https:\/\/www.escueladerespiracion.com\/trainer\/manuel\/\">Manuel <\/a><\/div>\r\n            <div class=\"trainermembers-position\">Docente \/ Formador<\/div>\r\n            <!-- Large modal -->\r\n            <div class=\"modal fade bs-trainer-modal-lg\" tabindex=\"-1\" role=\"dialog\" >\r\n              <div class=\"modal-dialog modal-lg\" role=\"document\">\r\n                <div class=\"modal-content\">\r\n                <div class=\"modal-header\"><button type=\"button\" class=\"close\" data-dismiss=\"modal\" aria-label=\"Close\"><span aria-hidden=\"true\">&times;<\/span><\/button><\/div>\r\n                  <div class=\"trainer-quick-data\" >\r\n                    <div class=\"col-xs-12 col-sm-4 quick-data-left\">\r\n                        <img width=\"197\" height=\"198\" src=\"https:\/\/www.escueladerespiracion.com\/wp-content\/uploads\/Manuel-Rodrig-Alejandre.jpg\" class=\"attachment-post-thumbnail size-post-thumbnail wp-post-image\" alt=\"Manuel Rodr\u00edguez Alejandre\" loading=\"lazy\" srcset=\"https:\/\/www.escueladerespiracion.com\/wp-content\/uploads\/Manuel-Rodrig-Alejandre.jpg 197w, https:\/\/www.escueladerespiracion.com\/wp-content\/uploads\/Manuel-Rodrig-Alejandre-150x150.jpg 150w\" sizes=\"(max-width: 197px) 100vw, 197px\" \/>                        <div class=\"quick-data-social\">\r\n                            <div class=\"trainermembers-social\">\r\n                                <div class=\"icon-link full-icon\">\r\n                                    <ul>\r\n                                                                                                                                                                                                                                                    <li class=\"yolo_teammember_linkedin\"><a href=\"#\"><i class=\"fa fa-linkedin\" aria-hidden=\"true\"><\/i><\/a><\/li>\r\n                                                                                                                                                                                                    <\/ul>\r\n                                <\/div>\r\n                            <\/div>\r\n                        <\/div>\r\n                        <div class=\"sign-text\"><\/div>\r\n                    <\/div>\r\n                    <div class=\"col-xs-12 col-sm-8 quick-data-right\">\r\n                        <div class=\"quick-data-right-header\">\r\n                            <div class=\"quick-data-right-header-title\">\r\n                                <div class=\"title-left\"><a href=\"https:\/\/www.escueladerespiracion.com\/trainer\/manuel\/\">Manuel<\/a><\/div>\r\n                                <div class=\"title-right\"><a href=\"https:\/\/www.escueladerespiracion.com\/trainer\/manuel\/\"><i class=\"fa fa-arrow-circle-o-right\" aria-hidden=\"true\"><\/i> View Classes<\/a><\/div>\r\n                            <\/div>\r\n                        <\/div>\r\n                        <div class=\"quick-data-right-header-cat\">\r\n                                                                        <\/div>\r\n                        <div class=\"quick-data-right-content\">\r\n                                                        <div class=\"row quick-data-right-content-detail\">\r\n                                <div class=\"col-xs-3 content-title\">Puesto<\/div>\r\n                                <div class=\"col-xs-9 content-text\">Docente \/ Formador<\/div>\r\n                            <\/div>\r\n                                                                                                    <div class=\"row quick-data-right-content-detail\">\r\n                                <div class=\"col-xs-3 content-title\">Email<\/div>\r\n                                <div class=\"col-xs-9 content-text\">escueladerespiracion@gmail.com<\/div>\r\n                            <\/div>\r\n                                                                            <div class=\"row quick-data-right-content-detail\">\r\n                                <div class=\"col-xs-3 content-title\">Biograf\u00eda<\/div>\r\n                                <div class=\"col-xs-9 content-text\">Estudi\u00f3 en la Escuela de Estudios Empresariales de Madrid y trabaj\u00f3 15 a\u00f1os en la Banca. \r\n\r\nFormado con el LRT y con la corriente de Vivation. Ejerce como profesional de Rebirthing desde el a\u00f1o 1991. Ha dirigido junto a Doia Riera durante a\u00f1os la Escuela de Formaci\u00f3n de Mont Ras, Gerona. Y ha sido co-director de la Formaci\u00f3n de ReNacimiento (Rebirthing) de AD`s Escola con el Certificado de Extensi\u00f3n Universitaria en ReNacimiento.\r\n\r\nCon la Escuela colabora pricipalmente en programas dise\u00f1ados para que las personas encuentren la realizaci\u00f3n personal con sus trabajos o puedan considerar la posibilidad de crear un trabajo satisfactorio.\r\n<\/div>\r\n                            <\/div>\r\n                                                                        <\/div>\r\n                    <\/div>\r\n                <\/div>\r\n                <\/div>\r\n              <\/div>\r\n            <\/div>\r\n        <\/div>\r\n    <\/div>\r\n<script>\r\njQuery(document).ready(function($){\r\n    $(document).on('click', '.trainermembers-image', function(){\r\n        $(this).parent().find('.bs-trainer-modal-lg').modal('show');\r\n    });\r\n});\r\n<\/script>            <\/div>\r\n            [\/vc_column_inner][\/vc_row_inner][\/vc_column][\/vc_row][vc_row equal_height=&#8221;yes&#8221; css=&#8221;.vc_custom_1530278955160{background-color: #97c2e5 !important;}&#8221;][vc_column css=&#8221;.vc_custom_1535458138607{padding-right: 25px !important;padding-left: 25px !important;}&#8221; offset=&#8221;vc_col-lg-6 vc_col-md-6&#8243;][vc_custom_heading text=&#8221;Respira &#8211; 2\u00aa Edici\u00f3n&#8221; font_container=&#8221;tag:h2|text_align:center|color:%234858e2&#8243; use_theme_fonts=&#8221;yes&#8221; el_class=&#8221;title_borde_alas&#8221;][vc_empty_space height=&#8221;20px&#8221;]        <div id=\"yolo-video-69f0d282bc82e\" style=\"height: 330px; background-image: url('https:\/\/www.escueladerespiracion.com\/wp-content\/uploads\/Portada-libro-para-video.jpg'); background-size: cover;\" class=\"yolo-video-player style_3 \">\r\n             \r\n<div class=\"yl-button-play yolo-container\" style=\"height: 330px;\">\r\n    <div class=\"container-text container\">\r\n    \t<p data-height=\"330\" data-video=\"https:\/\/www.youtube.com\/watch?v=0HzYDFqpRMg\" data-id =\"0HzYDFqpRMg\" class=\"play-button\">\r\n            <i  class=\"fa fa-play-circle-o\"><\/i>\r\n        <\/p>\r\n                    <\/div>  \r\n<\/div>            <div class=\"iframe-video-player\">\r\n                <p class=\"video-close\">X<\/p>\r\n            <\/div>\r\n        <\/div>\r\n        [\/vc_column][vc_column css=&#8221;.vc_custom_1474078881430{padding-right: 10% !important;padding-left: 10% !important;}&#8221; offset=&#8221;vc_col-lg-6 vc_col-md-6&#8243;][vc_empty_space]  \r\n                    <div class=\" \" >\r\n                <div id=\"yolo-testimonial\" class=\"yolo-testimonial testimonial-carousel-3\">\r\n    <div id=\"testimonial-list-69f0d282be0d3\" class=\"testimonials testimonial-list owl-carousel\" \r\n        data-owl=\"1\"\r\n        data-autoplay=\"true\"\r\n        data-duration=\"3000\"\r\n        data-loop=\"true\"\r\n        data-rtl=\"\"\r\n        data-pagination=\"true\"\r\n    >\r\n                <ul class=\"testimonial-content\" >\r\n            <li class=\"testimonial-item\">\r\n                <div class=\"testimonial-thumbnail\">\r\n                                            <img width=\"160\" height=\"160\" src=\"https:\/\/www.escueladerespiracion.com\/wp-content\/uploads\/Eva-Urquijo.jpg\" class=\"attachment-full size-full wp-post-image\" alt=\"\" loading=\"lazy\" srcset=\"https:\/\/www.escueladerespiracion.com\/wp-content\/uploads\/Eva-Urquijo.jpg 160w, https:\/\/www.escueladerespiracion.com\/wp-content\/uploads\/Eva-Urquijo-150x150.jpg 150w\" sizes=\"(max-width: 160px) 100vw, 160px\" \/>                                    <\/div>\r\n                <div class=\"testimonial-desc\"><p><span style=\"color: #999999; font-size: 21px;\">Este fue el primer libro que le\u00ed sobre Rebirthing&#8230; y me enamor\u00f3. GRACIAS POR ESCRIBIRLO!!!<\/span><\/p>\n<\/div>\r\n                                    <h3 class=\"testimonial-title\">Eva Urquijo<\/h3>\r\n                                <h4 class=\"testimonial-position\">Fisioterapeuta<\/h4>\r\n            <\/li>\r\n        <\/ul>\r\n                <ul class=\"testimonial-content\" >\r\n            <li class=\"testimonial-item\">\r\n                <div class=\"testimonial-thumbnail\">\r\n                                            <img width=\"521\" height=\"503\" src=\"https:\/\/www.escueladerespiracion.com\/wp-content\/uploads\/Garcia-Jorge_M.-Angeles.jpg\" class=\"attachment-full size-full wp-post-image\" alt=\"\" loading=\"lazy\" srcset=\"https:\/\/www.escueladerespiracion.com\/wp-content\/uploads\/Garcia-Jorge_M.-Angeles.jpg 521w, https:\/\/www.escueladerespiracion.com\/wp-content\/uploads\/Garcia-Jorge_M.-Angeles-300x290.jpg 300w\" sizes=\"(max-width: 521px) 100vw, 521px\" \/>                                    <\/div>\r\n                <div class=\"testimonial-desc\"><p style=\"text-align: center;\"><span style=\"color: #999999; font-size: 21px;\">\u201c <span class=\"ydp12e4356dUFICommentActorAndBody\"><span class=\"ydp12e4356dUFICommentBody\">Lo he le\u00eddo tres veces&#8230;y a veces, le echo un vistazo<\/span><\/span>\u201d<\/span><\/p>\n<\/div>\r\n                                    <h3 class=\"testimonial-title\">M\u00aa Angeles Garc\u00eda<\/h3>\r\n                                <h4 class=\"testimonial-position\"><\/h4>\r\n            <\/li>\r\n        <\/ul>\r\n                <ul class=\"testimonial-content\" >\r\n            <li class=\"testimonial-item\">\r\n                <div class=\"testimonial-thumbnail\">\r\n                                            <img width=\"277\" height=\"322\" src=\"https:\/\/www.escueladerespiracion.com\/wp-content\/uploads\/Ingela-Ahlbom-1.jpg\" class=\"attachment-full size-full wp-post-image\" alt=\"Ingela Ahlbom\" loading=\"lazy\" srcset=\"https:\/\/www.escueladerespiracion.com\/wp-content\/uploads\/Ingela-Ahlbom-1.jpg 277w, https:\/\/www.escueladerespiracion.com\/wp-content\/uploads\/Ingela-Ahlbom-1-258x300.jpg 258w\" sizes=\"(max-width: 277px) 100vw, 277px\" \/>                                    <\/div>\r\n                <div class=\"testimonial-desc\"><p><span style=\"color: #999999; font-size: 21px;\"><span class=\"ydp75264a73UFICommentActorAndBody\"><span class=\"ydp75264a73UFICommentBody\">Gracias. Un gran e instructivo libro sobre respiraci\u00f3n y t\u00e9cnicas &#8230;me encant\u00f3 y vuelvo al el con frecuencia<\/span><\/span>.<\/span><\/p>\n<\/div>\r\n                                    <h3 class=\"testimonial-title\">Ingela Ahlbom<\/h3>\r\n                                <h4 class=\"testimonial-position\"><\/h4>\r\n            <\/li>\r\n        <\/ul>\r\n            <\/div>\r\n<\/div>\r\n            <\/div>  \r\n                [\/vc_column][\/vc_row][vc_row css=&#8221;.vc_custom_1474080283591{padding-top: 4% !important;padding-bottom: 2% !important;}&#8221;][vc_column offset=&#8221;vc_col-lg-5 vc_col-md-5&#8243;][vc_single_image image=&#8221;1645&#8243; img_size=&#8221;400&#215;400&#8243; alignment=&#8221;center&#8221; style=&#8221;vc_box_shadow_3d&#8221; css_animation=&#8221;fadeIn&#8221;][\/vc_column][vc_column offset=&#8221;vc_col-lg-7 vc_col-md-7&#8243;][vc_row_inner css=&#8221;.vc_custom_1472080611197{padding-right: 0px !important;padding-left: 0px !important;}&#8221;][vc_column_inner width=&#8221;1\/2&#8243;]             <div class=\" \" >\r\n                \r\n<div class=\"row image-box-style style4\">\r\n\t<div class=\"col-xs-12 img-box-img\">\r\n\t\t<div class=\"col-xs-3 img-box\">\r\n\t\t<div class=\"style4-icon\">\r\n\t\t\t\t\t<a href=\"\">\r\n\t\t\t\t\t<img src=\"https:\/\/www.escueladerespiracion.com\/wp-content\/uploads\/Logo_Escuela-300x121.png\" srcset=\"https:\/\/www.escueladerespiracion.com\/wp-content\/uploads\/Logo_Escuela-300x121.png 300w, https:\/\/www.escueladerespiracion.com\/wp-content\/uploads\/Logo_Escuela-e1529570404625.png 180w\" sizes=\"(max-width: 300px) 100vw, 300px\" class=\"img-responsive\" alt=\"Experiencia\"\/>\r\n\t\t\t\t\t<\/a>\r\n\t\t\t\t<\/div>\r\n\t\t<\/div>\r\n\t\t<div class=\"col-xs-9\"><div class=\"image-box-title\">Experiencia<\/div><\/div>\r\n\t<\/div>\r\n\t<div class=\"col-xs-12 img-box-content\">\r\n\t\t<div class=\"col-xs-3\"><\/div>\r\n\t\t<div class=\"col-xs-9\"><div class=\"image-box-content\">M\u00e1s de 25 a\u00f1os de experiencia y cientos de clientes\/amigos nos avalan.<\/div><\/div>\r\n\t<\/div>\r\n<\/div>            <\/div>\r\n                         <div class=\" \" >\r\n                \r\n<div class=\"row image-box-style style4\">\r\n\t<div class=\"col-xs-12 img-box-img\">\r\n\t\t<div class=\"col-xs-3 img-box\">\r\n\t\t<div class=\"style4-icon\">\r\n\t\t\t\t\t<a href=\"\">\r\n\t\t\t\t\t<img src=\"https:\/\/www.escueladerespiracion.com\/wp-content\/uploads\/Logo_Escuela-300x121.png\" srcset=\"https:\/\/www.escueladerespiracion.com\/wp-content\/uploads\/Logo_Escuela-300x121.png 300w, https:\/\/www.escueladerespiracion.com\/wp-content\/uploads\/Logo_Escuela-e1529570404625.png 180w\" sizes=\"(max-width: 300px) 100vw, 300px\" class=\"img-responsive\" alt=\"Instalaciones\"\/>\r\n\t\t\t\t\t<\/a>\r\n\t\t\t\t<\/div>\r\n\t\t<\/div>\r\n\t\t<div class=\"col-xs-9\"><div class=\"image-box-title\">Instalaciones<\/div><\/div>\r\n\t<\/div>\r\n\t<div class=\"col-xs-12 img-box-content\">\r\n\t\t<div class=\"col-xs-3\"><\/div>\r\n\t\t<div class=\"col-xs-9\"><div class=\"image-box-content\">Amplias instalaciones en un espacio que respira paz y tranquilidad.<\/div><\/div>\r\n\t<\/div>\r\n<\/div>            <\/div>\r\n            [\/vc_column_inner][vc_column_inner width=&#8221;1\/2&#8243;]             <div class=\" \" >\r\n                \r\n<div class=\"row image-box-style style4\">\r\n\t<div class=\"col-xs-12 img-box-img\">\r\n\t\t<div class=\"col-xs-3 img-box\">\r\n\t\t<div class=\"style4-icon\">\r\n\t\t\t\t\t<a href=\"\">\r\n\t\t\t\t\t<img src=\"https:\/\/www.escueladerespiracion.com\/wp-content\/uploads\/Logo_Escuela-300x121.png\" srcset=\"https:\/\/www.escueladerespiracion.com\/wp-content\/uploads\/Logo_Escuela-300x121.png 300w, https:\/\/www.escueladerespiracion.com\/wp-content\/uploads\/Logo_Escuela-e1529570404625.png 180w\" sizes=\"(max-width: 300px) 100vw, 300px\" class=\"img-responsive\" alt=\"Ubicaci\u00f3n\"\/>\r\n\t\t\t\t\t<\/a>\r\n\t\t\t\t<\/div>\r\n\t\t<\/div>\r\n\t\t<div class=\"col-xs-9\"><div class=\"image-box-title\">Ubicaci\u00f3n<\/div><\/div>\r\n\t<\/div>\r\n\t<div class=\"col-xs-12 img-box-content\">\r\n\t\t<div class=\"col-xs-3\"><\/div>\r\n\t\t<div class=\"col-xs-9\"><div class=\"image-box-content\">Estamos en el centro de Santa Cruz, un lugar c\u00e9ntrico y accesible.<\/div><\/div>\r\n\t<\/div>\r\n<\/div>            <\/div>\r\n                         <div class=\" \" >\r\n                \r\n<div class=\"row image-box-style style4\">\r\n\t<div class=\"col-xs-12 img-box-img\">\r\n\t\t<div class=\"col-xs-3 img-box\">\r\n\t\t<div class=\"style4-icon\">\r\n\t\t\t\t\t<a href=\"\">\r\n\t\t\t\t\t<img src=\"https:\/\/www.escueladerespiracion.com\/wp-content\/uploads\/Logo_Escuela-300x121.png\" srcset=\"https:\/\/www.escueladerespiracion.com\/wp-content\/uploads\/Logo_Escuela-300x121.png 300w, https:\/\/www.escueladerespiracion.com\/wp-content\/uploads\/Logo_Escuela-e1529570404625.png 180w\" sizes=\"(max-width: 300px) 100vw, 300px\" class=\"img-responsive\" alt=\"Actividades Exteriores\"\/>\r\n\t\t\t\t\t<\/a>\r\n\t\t\t\t<\/div>\r\n\t\t<\/div>\r\n\t\t<div class=\"col-xs-9\"><div class=\"image-box-title\">Actividades Exteriores<\/div><\/div>\r\n\t<\/div>\r\n\t<div class=\"col-xs-12 img-box-content\">\r\n\t\t<div class=\"col-xs-3\"><\/div>\r\n\t\t<div class=\"col-xs-9\"><div class=\"image-box-content\">Organizamos con frecuencia actividades en plena naturaleza.<\/div><\/div>\r\n\t<\/div>\r\n<\/div>            <\/div>\r\n            [\/vc_column_inner][\/vc_row_inner][\/vc_column][\/vc_row]<\/p>\n","protected":false},"excerpt":{"rendered":"<p>[vc_row css=&#8221;.vc_custom_1531836174531{padding-top: 20px !important;}&#8221;][vc_column][vc_custom_heading text=&#8221;Te invitamos a conocernos un poco mejor&#8230;&#8221; font_container=&#8221;tag:h2|font_size:40px|text_align:center|color:%234858e2&#8243; use_theme_fonts=&#8221;yes&#8221; css=&#8221;.vc_custom_1533642887435{margin-top: -10px !important;margin-bottom: 0px !important;}&#8221; el_class=&#8221;title_borde_alas&#8221;][\/vc_column][\/vc_row][vc_row css=&#8221;.vc_custom_1530278777091{padding-top: 5% !important;}&#8221;][vc_column width=&#8221;1\/2&#8243; css=&#8221;.vc_custom_1535458323936{padding-right: 15px !important;padding-left: 15px !important;}&#8221;][vc_column_text css=&#8221;.vc_custom_1530278689126{margin-bottom: 35px !important;}&#8221;]Nuestra MISI\u00d3N es contribuir a elevar el Bienestar f\u00edsico, mental y emocional del SER humano, a trav\u00e9s de los recursos internos que todos poseemos: La&#8230;<\/p>\n","protected":false},"author":1,"featured_media":0,"parent":0,"menu_order":0,"comment_status":"closed","ping_status":"closed","template":"","meta":[],"acf":[],"_links":{"self":[{"href":"https:\/\/www.escueladerespiracion.com\/index.php\/wp-json\/wp\/v2\/pages\/3367"}],"collection":[{"href":"https:\/\/www.escueladerespiracion.com\/index.php\/wp-json\/wp\/v2\/pages"}],"about":[{"href":"https:\/\/www.escueladerespiracion.com\/index.php\/wp-json\/wp\/v2\/types\/page"}],"author":[{"embeddable":true,"href":"https:\/\/www.escueladerespiracion.com\/index.php\/wp-json\/wp\/v2\/users\/1"}],"replies":[{"embeddable":true,"href":"https:\/\/www.escueladerespiracion.com\/index.php\/wp-json\/wp\/v2\/comments?post=3367"}],"version-history":[{"count":48,"href":"https:\/\/www.escueladerespiracion.com\/index.php\/wp-json\/wp\/v2\/pages\/3367\/revisions"}],"predecessor-version":[{"id":6456,"href":"https:\/\/www.escueladerespiracion.com\/index.php\/wp-json\/wp\/v2\/pages\/3367\/revisions\/6456"}],"wp:attachment":[{"href":"https:\/\/www.escueladerespiracion.com\/index.php\/wp-json\/wp\/v2\/media?parent=3367"}],"curies":[{"name":"wp","href":"https:\/\/api.w.org\/{rel}","templated":true}]}}