{"id":14,"date":"2013-06-14T15:53:53","date_gmt":"2013-06-14T15:53:53","guid":{"rendered":"http:\/\/localhost\/nati\/wordpress\/?page_id=11"},"modified":"2018-08-10T19:11:20","modified_gmt":"2018-08-10T18:11:20","slug":"contacto","status":"publish","type":"page","link":"https:\/\/www.escueladerespiracion.com\/index.php\/contacto\/","title":{"rendered":"Contacto"},"content":{"rendered":"<p>[vc_row][vc_column][vc_column_text]<\/p>\n<p style=\"text-align: center;\">Si desea solicitar nuestros servicios o tiene alguna consulta o sugerencia no dude en ponerse en contacto con nosotros rellenando el formulario que aparece a continuaci\u00f3n. Estaremos encantados de atenderle.<\/p>\n<p>[\/vc_column_text][\/vc_column][\/vc_row][vc_row][vc_column][vc_empty_space][\/vc_column][\/vc_row][vc_row][vc_column width=&#8221;1\/2&#8243;]<div role=\"form\" class=\"wpcf7\" id=\"wpcf7-f1748-o1\" lang=\"en-US\" dir=\"ltr\">\n<div class=\"screen-reader-response\"><\/div>\n<form action=\"\/index.php\/wp-json\/wp\/v2\/pages\/14?lang=eu#wpcf7-f1748-o1\" method=\"post\" class=\"wpcf7-form\" novalidate=\"novalidate\">\n<div style=\"display: none;\">\n<input type=\"hidden\" name=\"_wpcf7\" value=\"1748\" \/>\n<input type=\"hidden\" name=\"_wpcf7_version\" value=\"5.0.3\" \/>\n<input type=\"hidden\" name=\"_wpcf7_locale\" value=\"en_US\" \/>\n<input type=\"hidden\" name=\"_wpcf7_unit_tag\" value=\"wpcf7-f1748-o1\" \/>\n<input type=\"hidden\" name=\"_wpcf7_container_post\" value=\"0\" \/>\n<\/div>\n<p>Nombre (obligatorio)<br \/>\n    <span class=\"wpcf7-form-control-wrap your-name\"><input type=\"text\" name=\"your-name\" value=\"\" size=\"40\" class=\"wpcf7-form-control wpcf7-text wpcf7-validates-as-required\" aria-required=\"true\" aria-invalid=\"false\" \/><\/span> <\/p>\n<p>E-mail (obligatorio)<br \/>\n    <span class=\"wpcf7-form-control-wrap your-email\"><input type=\"email\" name=\"your-email\" value=\"\" size=\"40\" class=\"wpcf7-form-control wpcf7-text wpcf7-email wpcf7-validates-as-required wpcf7-validates-as-email\" aria-required=\"true\" aria-invalid=\"false\" \/><\/span> <\/p>\n<p>Asunto<br \/>\n    <span class=\"wpcf7-form-control-wrap your-subject\"><input type=\"text\" name=\"your-subject\" value=\"\" size=\"40\" class=\"wpcf7-form-control wpcf7-text\" aria-invalid=\"false\" \/><\/span> <\/p>\n<p>Tu mensaje<br \/>\n    <span class=\"wpcf7-form-control-wrap your-message\"><textarea name=\"your-message\" cols=\"40\" rows=\"10\" class=\"wpcf7-form-control wpcf7-textarea\" aria-invalid=\"false\"><\/textarea><\/span> <\/p>\n<p><span class=\"wpcf7-form-control-wrap acceptance-733\"><span class=\"wpcf7-form-control wpcf7-acceptance\"><span class=\"wpcf7-list-item\"><label><input type=\"checkbox\" name=\"acceptance-733\" value=\"1\" aria-invalid=\"false\" \/><span class=\"wpcf7-list-item-label\">He le\u00eddo y acepto la <a href=\"http:\/\/www.escueladerespiracion.com\/index.php\/politica-de-privacidad\" target=\"_blank\">Pol\u00edtica de Privacidad.<\/span><\/label><\/span><\/span><\/span><\/a><\/p>\n<div class=\"wpcf7-form-control-wrap\"><div data-sitekey=\"6LcDjbslAAAAACwKApo25sUfLZ5CR5dtRIq-6H2S\" class=\"wpcf7-form-control g-recaptcha wpcf7-recaptcha\"><\/div>\r\n<noscript>\r\n\t<div style=\"width: 302px; height: 422px;\">\r\n\t\t<div style=\"width: 302px; height: 422px; position: relative;\">\r\n\t\t\t<div style=\"width: 302px; height: 422px; position: absolute;\">\r\n\t\t\t\t<iframe src=\"https:\/\/www.google.com\/recaptcha\/api\/fallback?k=6LcDjbslAAAAACwKApo25sUfLZ5CR5dtRIq-6H2S\" frameborder=\"0\" scrolling=\"no\" style=\"width: 302px; height:422px; border-style: none;\">\r\n\t\t\t\t<\/iframe>\r\n\t\t\t<\/div>\r\n\t\t\t<div style=\"width: 300px; height: 60px; border-style: none; bottom: 12px; left: 25px; margin: 0px; padding: 0px; right: 25px; background: #f9f9f9; border: 1px solid #c1c1c1; border-radius: 3px;\">\r\n\t\t\t\t<textarea id=\"g-recaptcha-response\" name=\"g-recaptcha-response\" class=\"g-recaptcha-response\" style=\"width: 250px; height: 40px; border: 1px solid #c1c1c1; margin: 10px 25px; padding: 0px; resize: none;\">\r\n\t\t\t\t<\/textarea>\r\n\t\t\t<\/div>\r\n\t\t<\/div>\r\n\t<\/div>\r\n<\/noscript>\r\n<\/div>\n<p style=\"margin-top:20px\"><input type=\"submit\" value=\"Enviar\" class=\"wpcf7-form-control wpcf7-submit\" \/><\/p>\n<p style=\"display: none !important;\"><label>&#916;<textarea name=\"_wpcf7_ak_hp_textarea\" cols=\"45\" rows=\"8\" maxlength=\"100\"><\/textarea><\/label><input type=\"hidden\" id=\"ak_js_1\" name=\"_wpcf7_ak_js\" value=\"63\"\/><script>document.getElementById( \"ak_js_1\" ).setAttribute( \"value\", ( new Date() ).getTime() );<\/script><\/p><div class=\"wpcf7-response-output wpcf7-display-none\"><\/div><\/form><\/div>[\/vc_column][vc_column width=&#8221;1\/2&#8243;][vc_gmaps link=&#8221;#E-8_JTNDaWZyYW1lJTIwc3JjJTNEJTIyaHR0cHMlM0ElMkYlMkZ3d3cuZ29vZ2xlLmNvbSUyRm1hcHMlMkZlbWJlZCUzRnBiJTNEJTIxMW0xOCUyMTFtMTIlMjExbTMlMjExZDExMjIzMi44NTcwMjIzODg4NSUyMTJkLTE2LjMxODU2MTI2ODk2MjY3NSUyMTNkMjguNDcxMjEwMDYwMDY2MDAzJTIxMm0zJTIxMWYwJTIxMmYwJTIxM2YwJTIxM20yJTIxMWkxMDI0JTIxMmk3NjglMjE0ZjEzLjElMjEzbTMlMjExbTIlMjExczB4YzQxY2I3ZWVmZmYxZTdmJTI1M0EweDQ5OTg0Yjg4Y2MzZWQxYTElMjEyc1pFTlRSTyUyNTJDJTJCRXNwYWNpbyUyQnBhcmElMkJlbCUyQkJpZW5lc3RhciUyMTVlMCUyMTNtMiUyMTFzZXMlMjEyc2VzJTIxNHYxNTI4MjI4NzkyODg3JTIyJTIwd2lkdGglM0QlMjI2MDAlMjIlMjBoZWlnaHQlM0QlMjI0NTAlMjIlMjBmcmFtZWJvcmRlciUzRCUyMjAlMjIlMjBzdHlsZSUzRCUyMmJvcmRlciUzQTAlMjIlMjBhbGxvd2Z1bGxzY3JlZW4lM0UlM0MlMkZpZnJhbWUlM0U=&#8221;][\/vc_column][\/vc_row][vc_row][vc_column][vc_empty_space height=&#8221;50px&#8221;][\/vc_column][\/vc_row][vc_row][vc_column width=&#8221;1\/4&#8243;][vc_column_text]<img loading=\"lazy\" class=\"alignnone size-medium wp-image-5936 aligncenter\" src=\"http:\/\/www.escueladerespiracion.com\/wp-content\/uploads\/Logo_final-300x176.png\" alt=\"\" width=\"300\" height=\"176\" \/>[\/vc_column_text][\/vc_column][vc_column width=&#8221;1\/4&#8243;][vc_column_text]<strong class=\"azul_normal\">Escuela Canaria de respiraci\u00f3n<\/strong><br \/>\n<strong>Directora<\/strong>: Natividad Jim\u00e9nez<br \/>\n<strong>Tel\u00e9fono de contacto<\/strong>: 636 10 57 70<br \/>\n<strong>Email<\/strong>: <a href=\"mailto:info@escueladerespiracion.com\" target=\"_blank\" rel=\"noopener\">info@escueladerespiracion.com<\/a>[\/vc_column_text][\/vc_column][vc_column width=&#8221;1\/4&#8243;][vc_column_text]<\/p>\n<p><strong>La Escuela tiene su sede en<\/strong>:<br \/>\n<strong>ZENTRO<\/strong>, Espacio para el Bienestar<br \/>\nC\/ San Juan Bautista, n\u00ba 58<br \/>\n38001 Santa Cruz de Tenerife<\/p>\n<p>[\/vc_column_text][\/vc_column][vc_column width=&#8221;1\/4&#8243;][vc_column_text]Haz click en el logo para ver las actividades de <strong>Zentro<\/strong>:<\/p>\n<p><a href=\"http:\/\/zentrotenerife.blogspot.com.es\/\" target=\"_blank\" rel=\"noopener\"><img loading=\"lazy\" class=\"wp-image-276 aligncenter\" src=\"http:\/\/www.escueladerespiracion.com\/wp-content\/uploads\/Logo_Zentro-300x161.jpg\" alt=\"Logo_Zentro\" width=\"180\" height=\"97\" srcset=\"https:\/\/www.escueladerespiracion.com\/wp-content\/uploads\/Logo_Zentro-300x161.jpg 300w, https:\/\/www.escueladerespiracion.com\/wp-content\/uploads\/Logo_Zentro.jpg 354w\" sizes=\"(max-width: 180px) 100vw, 180px\" \/><\/a><\/p>\n<p>[\/vc_column_text][\/vc_column][\/vc_row][vc_row][vc_column][vc_empty_space][\/vc_column][\/vc_row]<\/p>\n","protected":false},"excerpt":{"rendered":"<p>[vc_row][vc_column][vc_column_text] Si desea solicitar nuestros servicios o tiene alguna consulta o sugerencia no dude en ponerse en contacto con nosotros rellenando el formulario que aparece a continuaci\u00f3n. Estaremos encantados de atenderle. [\/vc_column_text][\/vc_column][\/vc_row][vc_row][vc_column][vc_empty_space][\/vc_column][\/vc_row][vc_row][vc_column width=&#8221;1\/2&#8243;][\/vc_column][vc_column width=&#8221;1\/2&#8243;][vc_gmaps link=&#8221;#E-8_JTNDaWZyYW1lJTIwc3JjJTNEJTIyaHR0cHMlM0ElMkYlMkZ3d3cuZ29vZ2xlLmNvbSUyRm1hcHMlMkZlbWJlZCUzRnBiJTNEJTIxMW0xOCUyMTFtMTIlMjExbTMlMjExZDExMjIzMi44NTcwMjIzODg4NSUyMTJkLTE2LjMxODU2MTI2ODk2MjY3NSUyMTNkMjguNDcxMjEwMDYwMDY2MDAzJTIxMm0zJTIxMWYwJTIxMmYwJTIxM2YwJTIxM20yJTIxMWkxMDI0JTIxMmk3NjglMjE0ZjEzLjElMjEzbTMlMjExbTIlMjExczB4YzQxY2I3ZWVmZmYxZTdmJTI1M0EweDQ5OTg0Yjg4Y2MzZWQxYTElMjEyc1pFTlRSTyUyNTJDJTJCRXNwYWNpbyUyQnBhcmElMkJlbCUyQkJpZW5lc3RhciUyMTVlMCUyMTNtMiUyMTFzZXMlMjEyc2VzJTIxNHYxNTI4MjI4NzkyODg3JTIyJTIwd2lkdGglM0QlMjI2MDAlMjIlMjBoZWlnaHQlM0QlMjI0NTAlMjIlMjBmcmFtZWJvcmRlciUzRCUyMjAlMjIlMjBzdHlsZSUzRCUyMmJvcmRlciUzQTAlMjIlMjBhbGxvd2Z1bGxzY3JlZW4lM0UlM0MlMkZpZnJhbWUlM0U=&#8221;][\/vc_column][\/vc_row][vc_row][vc_column][vc_empty_space height=&#8221;50px&#8221;][\/vc_column][\/vc_row][vc_row][vc_column width=&#8221;1\/4&#8243;][vc_column_text][\/vc_column_text][\/vc_column][vc_column width=&#8221;1\/4&#8243;][vc_column_text]Escuela Canaria de respiraci\u00f3n Directora: Natividad Jim\u00e9nez Tel\u00e9fono de contacto: 636 10 57 70 Email: info@escueladerespiracion.com[\/vc_column_text][\/vc_column][vc_column width=&#8221;1\/4&#8243;][vc_column_text] La&#8230;<\/p>\n","protected":false},"author":1,"featured_media":0,"parent":0,"menu_order":6,"comment_status":"closed","ping_status":"closed","template":"","meta":[],"acf":[],"_links":{"self":[{"href":"https:\/\/www.escueladerespiracion.com\/index.php\/wp-json\/wp\/v2\/pages\/14"}],"collection":[{"href":"https:\/\/www.escueladerespiracion.com\/index.php\/wp-json\/wp\/v2\/pages"}],"about":[{"href":"https:\/\/www.escueladerespiracion.com\/index.php\/wp-json\/wp\/v2\/types\/page"}],"author":[{"embeddable":true,"href":"https:\/\/www.escueladerespiracion.com\/index.php\/wp-json\/wp\/v2\/users\/1"}],"replies":[{"embeddable":true,"href":"https:\/\/www.escueladerespiracion.com\/index.php\/wp-json\/wp\/v2\/comments?post=14"}],"version-history":[{"count":30,"href":"https:\/\/www.escueladerespiracion.com\/index.php\/wp-json\/wp\/v2\/pages\/14\/revisions"}],"predecessor-version":[{"id":268,"href":"https:\/\/www.escueladerespiracion.com\/index.php\/wp-json\/wp\/v2\/pages\/14\/revisions\/268"}],"wp:attachment":[{"href":"https:\/\/www.escueladerespiracion.com\/index.php\/wp-json\/wp\/v2\/media?parent=14"}],"curies":[{"name":"wp","href":"https:\/\/api.w.org\/{rel}","templated":true}]}}